{"id":231513,"date":"2025-10-23T11:20:04","date_gmt":"2025-10-23T11:20:04","guid":{"rendered":"https:\/\/priceless-carson.188-95-114-7.plesk.page\/transparence\/"},"modified":"2026-04-15T12:35:51","modified_gmt":"2026-04-15T12:35:51","slug":"transparence","status":"publish","type":"page","link":"https:\/\/distracted-northcutt.31-24-154-105.plesk.page\/fr\/transparence\/","title":{"rendered":"Transparence"},"content":{"rendered":"<p>[et_pb_section fb_built=\u00a0\u00bb1&Prime; custom_padding_last_edited=\u00a0\u00bbon|phone\u00a0\u00bb _builder_version=\u00a0\u00bb4.27.4&Prime; background_enable_color=\u00a0\u00bboff\u00a0\u00bb use_background_color_gradient=\u00a0\u00bbon\u00a0\u00bb background_color_gradient_direction=\u00a0\u00bb169deg\u00a0\u00bb background_color_gradient_stops=\u00a0\u00bb#000000 0%|rgba(0, 0, 0, 0.67) 0%|rgba(0, 0, 0, 0.58) 80%|rgba(0, 0, 0, 0.65) 100%\u00a0\u00bb background_color_gradient_overlays_image=\u00a0\u00bbon\u00a0\u00bb background_image=\u00a0\u00bbhttps:\/\/distracted-northcutt.31-24-154-105.plesk.page\/wp-content\/uploads\/2026\/01\/transparencia-transpirenaica-1.jpg\u00a0\u00bb custom_padding=\u00a0\u00bb120px||120px||true|false\u00a0\u00bb custom_padding_tablet=\u00a0\u00bb\u00a0\u00bb custom_padding_phone=\u00a0\u00bb150px||80px||false|false\u00a0\u00bb global_colors_info=\u00a0\u00bb{}\u00a0\u00bb][et_pb_row use_custom_gutter=\u00a0\u00bbon\u00a0\u00bb gutter_width=\u00a0\u00bb2&Prime; make_equal=\u00a0\u00bbon\u00a0\u00bb _builder_version=\u00a0\u00bb4.27.4&Prime; width_tablet=\u00a0\u00bb90%\u00a0\u00bb width_phone=\u00a0\u00bb90%\u00a0\u00bb width_last_edited=\u00a0\u00bboff|desktop\u00a0\u00bb max_width_tablet=\u00a0\u00bb90%\u00a0\u00bb max_width_phone=\u00a0\u00bb90%\u00a0\u00bb max_width_last_edited=\u00a0\u00bboff|desktop\u00a0\u00bb module_alignment=\u00a0\u00bbcenter\u00a0\u00bb custom_margin=\u00a0\u00bb|auto||auto|false|false\u00a0\u00bb custom_padding=\u00a0\u00bb||||false|false\u00a0\u00bb global_colors_info=\u00a0\u00bb{}\u00a0\u00bb][et_pb_column type=\u00a0\u00bb4_4&Prime; _builder_version=\u00a0\u00bb4.16&Prime; global_colors_info=\u00a0\u00bb{}\u00a0\u00bb][et_pb_text _builder_version=\u00a0\u00bb4.27.4&Prime; header_font=\u00a0\u00bb&#8211;et_global_heading_font|800||on|||||\u00a0\u00bb header_text_align=\u00a0\u00bbcenter\u00a0\u00bb header_text_color=\u00a0\u00bb#FFFFFF\u00a0\u00bb header_font_size=\u00a0\u00bb44px\u00a0\u00bb header_line_height=\u00a0\u00bb1.3em\u00a0\u00bb animation_direction=\u00a0\u00bbright\u00a0\u00bb global_colors_info=\u00a0\u00bb{}\u00a0\u00bb]<\/p>\n<h1>Transparence<\/h1>\n<p>[\/et_pb_text][\/et_pb_column][\/et_pb_row][\/et_pb_section][et_pb_section fb_built=\u00a0\u00bb1&Prime; _builder_version=\u00a0\u00bb4.27.4&Prime; _module_preset=\u00a0\u00bbdefault\u00a0\u00bb custom_padding=\u00a0\u00bb34px|||||\u00a0\u00bb global_colors_info=\u00a0\u00bb{}\u00a0\u00bb][et_pb_row _builder_version=\u00a0\u00bb4.27.4&Prime; _module_preset=\u00a0\u00bbdefault\u00a0\u00bb global_colors_info=\u00a0\u00bb{}\u00a0\u00bb][et_pb_column type=\u00a0\u00bb4_4&Prime; _builder_version=\u00a0\u00bb4.27.4&Prime; _module_preset=\u00a0\u00bbdefault\u00a0\u00bb global_colors_info=\u00a0\u00bb{}\u00a0\u00bb][et_pb_text _builder_version=\u00a0\u00bb4.27.4&Prime; _module_preset=\u00a0\u00bbdefault\u00a0\u00bb header_2_font_size=\u00a0\u00bb22px\u00a0\u00bb header_2_line_height=\u00a0\u00bb1.3em\u00a0\u00bb custom_margin=\u00a0\u00bb||24px|||\u00a0\u00bb global_colors_info=\u00a0\u00bb{}\u00a0\u00bb]<\/p>\n<h2>1- INFORMATION INSTITUTIONNELLE ET CORPORATIVE  <\/h2>\n<p>[\/et_pb_text][et_pb_blurb title=\u00a0\u00bbENTIT\u00c9 D&#039;IDENTIFICATION  \u00a0\u00bb use_icon=\u00a0\u00bbon\u00a0\u00bb font_icon=\u00a0\u00bb&#x52;||divi||400&Prime; icon_color=\u00a0\u00bb#01377d\u00a0\u00bb icon_placement=\u00a0\u00bbleft\u00a0\u00bb image_icon_width=\u00a0\u00bb26px\u00a0\u00bb content_max_width=\u00a0\u00bb1100px\u00a0\u00bb _builder_version=\u00a0\u00bb4.27.4&Prime; _module_preset=\u00a0\u00bbdefault\u00a0\u00bb header_level=\u00a0\u00bbh2&Prime; header_font_size=\u00a0\u00bb17px\u00a0\u00bb header_line_height=\u00a0\u00bb1.5em\u00a0\u00bb custom_margin=\u00a0\u00bb||16px|||\u00a0\u00bb global_colors_info=\u00a0\u00bb{}\u00a0\u00bb][\/et_pb_blurb][et_pb_blurb title=\u00a0\u00bbSTATUTS\u00a0\u00bb use_icon=\u00a0\u00bbon\u00a0\u00bb font_icon=\u00a0\u00bb&#x52;||divi||400&Prime; icon_color=\u00a0\u00bb#01377d\u00a0\u00bb icon_placement=\u00a0\u00bbleft\u00a0\u00bb image_icon_width=\u00a0\u00bb26px\u00a0\u00bb content_max_width=\u00a0\u00bb1100px\u00a0\u00bb _builder_version=\u00a0\u00bb4.27.4&Prime; _module_preset=\u00a0\u00bbdefault\u00a0\u00bb header_level=\u00a0\u00bbh2&Prime; header_font_size=\u00a0\u00bb17px\u00a0\u00bb header_line_height=\u00a0\u00bb1.5em\u00a0\u00bb custom_margin=\u00a0\u00bb||16px|||\u00a0\u00bb hover_enabled=\u00a0\u00bb0&Prime; global_colors_info=\u00a0\u00bb{}\u00a0\u00bb url=\u00a0\u00bb\/wp-content\/uploads\/2026\/01\/ESTATUTOS.pdf\u00a0\u00bb sticky_enabled=\u00a0\u00bb0&Prime;][\/et_pb_blurb][et_pb_blurb title=\u00a0\u00bbSTRUCTURE ORGANISATIONNELLE (composition du conseil d&#039;administration)  \u00a0\u00bb use_icon=\u00a0\u00bbon\u00a0\u00bb font_icon=\u00a0\u00bb&#x52;||divi||400&Prime; icon_color=\u00a0\u00bb#01377d\u00a0\u00bb icon_placement=\u00a0\u00bbleft\u00a0\u00bb image_icon_width=\u00a0\u00bb26px\u00a0\u00bb content_max_width=\u00a0\u00bb1100px\u00a0\u00bb _builder_version=\u00a0\u00bb4.27.4&Prime; _module_preset=\u00a0\u00bbdefault\u00a0\u00bb header_level=\u00a0\u00bbh2&Prime; header_font_size=\u00a0\u00bb17px\u00a0\u00bb header_line_height=\u00a0\u00bb1.5em\u00a0\u00bb custom_margin=\u00a0\u00bb||16px|||\u00a0\u00bb hover_enabled=\u00a0\u00bb0&Prime; global_colors_info=\u00a0\u00bb{}\u00a0\u00bb url=\u00a0\u00bb\/wp-content\/uploads\/2026\/01\/ESTRUCTURA-ORGANIZATIVA-COMPOSICION-PATRONATO.pdf\u00a0\u00bb sticky_enabled=\u00a0\u00bb0&Prime;][\/et_pb_blurb][et_pb_blurb title=\u00a0\u00bbIDENTIFICATION DES ASPECTS RH  \u00a0\u00bb url_new_window=\u00a0\u00bbon\u00a0\u00bb use_icon=\u00a0\u00bbon\u00a0\u00bb font_icon=\u00a0\u00bb&#x52;||divi||400&Prime; icon_color=\u00a0\u00bb#01377d\u00a0\u00bb icon_placement=\u00a0\u00bbleft\u00a0\u00bb image_icon_width=\u00a0\u00bb26px\u00a0\u00bb content_max_width=\u00a0\u00bb1100px\u00a0\u00bb _builder_version=\u00a0\u00bb4.27.4&Prime; _module_preset=\u00a0\u00bbdefault\u00a0\u00bb header_level=\u00a0\u00bbh2&Prime; header_font_size=\u00a0\u00bb17px\u00a0\u00bb header_line_height=\u00a0\u00bb1.5em\u00a0\u00bb custom_margin=\u00a0\u00bb||16px|||\u00a0\u00bb global_colors_info=\u00a0\u00bb{}\u00a0\u00bb][\/et_pb_blurb][et_pb_text _builder_version=\u00a0\u00bb4.27.4&Prime; _module_preset=\u00a0\u00bbdefault\u00a0\u00bb header_2_font_size=\u00a0\u00bb22px\u00a0\u00bb header_2_line_height=\u00a0\u00bb1.3em\u00a0\u00bb custom_margin=\u00a0\u00bb||24px|||\u00a0\u00bb global_colors_info=\u00a0\u00bb{}\u00a0\u00bb]<\/p>\n<h2>2- LA TRANSPARENCE POLITIQUE  <\/h2>\n<p>[\/et_pb_text][et_pb_blurb title=\u00a0\u00bbL&#039;IDENTIFICATION ET LES COORDONN\u00c9ES DES HAUTS FONCTIONNAIRES  \u00a0\u00bb url_new_window=\u00a0\u00bbon\u00a0\u00bb use_icon=\u00a0\u00bbon\u00a0\u00bb font_icon=\u00a0\u00bb&#x52;||divi||400&Prime; icon_color=\u00a0\u00bb#01377d\u00a0\u00bb icon_placement=\u00a0\u00bbleft\u00a0\u00bb image_icon_width=\u00a0\u00bb26px\u00a0\u00bb content_max_width=\u00a0\u00bb1100px\u00a0\u00bb _builder_version=\u00a0\u00bb4.27.4&Prime; _module_preset=\u00a0\u00bbdefault\u00a0\u00bb header_level=\u00a0\u00bbh2&Prime; header_font_size=\u00a0\u00bb17px\u00a0\u00bb header_line_height=\u00a0\u00bb1.5em\u00a0\u00bb custom_margin=\u00a0\u00bb||16px|||\u00a0\u00bb global_colors_info=\u00a0\u00bb{}\u00a0\u00bb][\/et_pb_blurb][et_pb_text _builder_version=\u00a0\u00bb4.27.4&Prime; _module_preset=\u00a0\u00bbdefault\u00a0\u00bb header_2_font_size=\u00a0\u00bb22px\u00a0\u00bb header_2_line_height=\u00a0\u00bb1.3em\u00a0\u00bb custom_margin=\u00a0\u00bb||24px|||\u00a0\u00bb global_colors_info=\u00a0\u00bb{}\u00a0\u00bb]<\/p>\n<h2>3 &#8211; INFORMATION SUR LES CONTRATS<\/h2>\n<p>[\/et_pb_text][et_pb_blurb title=\u00a0\u00bbINFORMATIONS RELATIVES AUX GRANDS CONTRATS  \u00a0\u00bb url_new_window=\u00a0\u00bbon\u00a0\u00bb use_icon=\u00a0\u00bbon\u00a0\u00bb font_icon=\u00a0\u00bb&#x52;||divi||400&Prime; icon_color=\u00a0\u00bb#01377d\u00a0\u00bb icon_placement=\u00a0\u00bbleft\u00a0\u00bb image_icon_width=\u00a0\u00bb26px\u00a0\u00bb content_max_width=\u00a0\u00bb1100px\u00a0\u00bb _builder_version=\u00a0\u00bb4.27.4&Prime; _module_preset=\u00a0\u00bbdefault\u00a0\u00bb header_level=\u00a0\u00bbh2&Prime; header_font_size=\u00a0\u00bb17px\u00a0\u00bb header_line_height=\u00a0\u00bb1.5em\u00a0\u00bb custom_margin=\u00a0\u00bb||16px|||\u00a0\u00bb global_colors_info=\u00a0\u00bb{}\u00a0\u00bb][\/et_pb_blurb][et_pb_blurb title=\u00a0\u00bbINFORMATIONS SUR LES PETITS CONTRATS  \u00a0\u00bb url_new_window=\u00a0\u00bbon\u00a0\u00bb use_icon=\u00a0\u00bbon\u00a0\u00bb font_icon=\u00a0\u00bb&#x52;||divi||400&Prime; icon_color=\u00a0\u00bb#01377d\u00a0\u00bb icon_placement=\u00a0\u00bbleft\u00a0\u00bb image_icon_width=\u00a0\u00bb26px\u00a0\u00bb content_max_width=\u00a0\u00bb1100px\u00a0\u00bb _builder_version=\u00a0\u00bb4.27.4&Prime; _module_preset=\u00a0\u00bbdefault\u00a0\u00bb header_level=\u00a0\u00bbh2&Prime; header_font_size=\u00a0\u00bb17px\u00a0\u00bb header_line_height=\u00a0\u00bb1.5em\u00a0\u00bb custom_margin=\u00a0\u00bb||16px|||\u00a0\u00bb hover_enabled=\u00a0\u00bb0&Prime; global_colors_info=\u00a0\u00bb{}\u00a0\u00bb url=\u00a0\u00bb\/wp-content\/uploads\/2026\/01\/CONTRATOS-MENORES-2024.pdf\u00a0\u00bb sticky_enabled=\u00a0\u00bb0&Prime;][\/et_pb_blurb][et_pb_text _builder_version=\u00a0\u00bb4.27.4&Prime; _module_preset=\u00a0\u00bbdefault\u00a0\u00bb header_2_font_size=\u00a0\u00bb22px\u00a0\u00bb header_2_line_height=\u00a0\u00bb1.3em\u00a0\u00bb custom_margin=\u00a0\u00bb||24px|||\u00a0\u00bb global_colors_info=\u00a0\u00bb{}\u00a0\u00bb]<\/p>\n<h2>4-INFORMATION SUR LES SUBVENTIONS ET LES ACCORDS  <\/h2>\n<p>[\/et_pb_text][et_pb_blurb title=\u00a0\u00bbSUBSIDIES  \u00a0\u00bb url_new_window=\u00a0\u00bbon\u00a0\u00bb use_icon=\u00a0\u00bbon\u00a0\u00bb font_icon=\u00a0\u00bb&#x52;||divi||400&Prime; icon_color=\u00a0\u00bb#01377d\u00a0\u00bb icon_placement=\u00a0\u00bbleft\u00a0\u00bb image_icon_width=\u00a0\u00bb26px\u00a0\u00bb content_max_width=\u00a0\u00bb1100px\u00a0\u00bb _builder_version=\u00a0\u00bb4.27.4&Prime; _module_preset=\u00a0\u00bbdefault\u00a0\u00bb header_level=\u00a0\u00bbh2&Prime; header_font_size=\u00a0\u00bb17px\u00a0\u00bb header_line_height=\u00a0\u00bb1.5em\u00a0\u00bb custom_margin=\u00a0\u00bb||16px|||\u00a0\u00bb hover_enabled=\u00a0\u00bb0&Prime; global_colors_info=\u00a0\u00bb{}\u00a0\u00bb sticky_enabled=\u00a0\u00bb0&Prime;]<\/p>\n<p><strong><a href=\"e\/wp-content\/uploads\/2026\/01\/DECRETO-APORTACION-2025-DPZ.pdf\">D\u00e9cret contribution DPZ 2025<\/a><\/strong><br \/><strong><a href=\"\/wp-content\/uploads\/2026\/01\/DECRETO-APORTACION-2025-DPT.pdf\">Arr\u00eat\u00e9 de contribution DPT 2025<\/a><\/strong><br \/><strong><a href=\"\/wp-content\/uploads\/2026\/01\/DECRETO-APORTACION-2025-DPH.pdf\">Arr\u00eat\u00e9 de contribution DPH 2025<\/a><\/strong><\/p>\n<p>[\/et_pb_blurb][et_pb_blurb title=\u00a0\u00bbCONVENTIONS  \u00a0\u00bb use_icon=\u00a0\u00bbon\u00a0\u00bb font_icon=\u00a0\u00bb&#x52;||divi||400&Prime; icon_color=\u00a0\u00bb#01377d\u00a0\u00bb icon_placement=\u00a0\u00bbleft\u00a0\u00bb image_icon_width=\u00a0\u00bb26px\u00a0\u00bb content_max_width=\u00a0\u00bb1100px\u00a0\u00bb _builder_version=\u00a0\u00bb4.27.4&Prime; _module_preset=\u00a0\u00bbdefault\u00a0\u00bb header_level=\u00a0\u00bbh2&Prime; header_font_size=\u00a0\u00bb17px\u00a0\u00bb header_line_height=\u00a0\u00bb1.5em\u00a0\u00bb custom_margin=\u00a0\u00bb||16px|||\u00a0\u00bb global_colors_info=\u00a0\u00bb{}\u00a0\u00bb][\/et_pb_blurb][et_pb_text _builder_version=\u00a0\u00bb4.27.4&Prime; _module_preset=\u00a0\u00bbdefault\u00a0\u00bb header_2_font_size=\u00a0\u00bb22px\u00a0\u00bb header_2_line_height=\u00a0\u00bb1.3em\u00a0\u00bb custom_margin=\u00a0\u00bb||24px|||\u00a0\u00bb global_colors_info=\u00a0\u00bb{}\u00a0\u00bb]<\/p>\n<h2>5-INFORMATIONS FINANCI\u00c8RES ET BUDG\u00c9TAIRES  <\/h2>\n<p>[\/et_pb_text][et_pb_blurb title=\u00a0\u00bbBUDGET ADMINISTRATIF (pour les deux derni\u00e8res ann\u00e9es : 2023\/2024)  \u00a0\u00bb use_icon=\u00a0\u00bbon\u00a0\u00bb font_icon=\u00a0\u00bb&#x52;||divi||400&Prime; icon_color=\u00a0\u00bb#01377d\u00a0\u00bb icon_placement=\u00a0\u00bbleft\u00a0\u00bb image_icon_width=\u00a0\u00bb26px\u00a0\u00bb content_max_width=\u00a0\u00bb1100px\u00a0\u00bb _builder_version=\u00a0\u00bb4.27.4&Prime; _module_preset=\u00a0\u00bbdefault\u00a0\u00bb header_level=\u00a0\u00bbh2&Prime; header_font_size=\u00a0\u00bb17px\u00a0\u00bb header_line_height=\u00a0\u00bb1.5em\u00a0\u00bb custom_margin=\u00a0\u00bb||16px|||\u00a0\u00bb hover_enabled=\u00a0\u00bb0&Prime; global_colors_info=\u00a0\u00bb{}\u00a0\u00bb sticky_enabled=\u00a0\u00bb0&Prime;]<\/p>\n<p><strong><a href=\"\/wp-content\/uploads\/2026\/01\/PRESUPUESTO-2024.pdf\">Budget 2024<\/a><\/strong><br \/><strong><a href=\"\/wp-content\/uploads\/2026\/01\/PRESUPUESTO-2025.pdf\">Budget 2025<\/a><\/strong><\/p>\n<p>[\/et_pb_blurb][et_pb_blurb title=\u00a0\u00bbCOMPTES ANNUELS (relatifs aux deux derni\u00e8res ann\u00e9es)  \u00a0\u00bb use_icon=\u00a0\u00bbon\u00a0\u00bb font_icon=\u00a0\u00bb&#x52;||divi||400&Prime; icon_color=\u00a0\u00bb#01377d\u00a0\u00bb icon_placement=\u00a0\u00bbleft\u00a0\u00bb image_icon_width=\u00a0\u00bb26px\u00a0\u00bb content_max_width=\u00a0\u00bb1100px\u00a0\u00bb _builder_version=\u00a0\u00bb4.27.4&Prime; _module_preset=\u00a0\u00bbdefault\u00a0\u00bb header_level=\u00a0\u00bbh2&Prime; header_font_size=\u00a0\u00bb17px\u00a0\u00bb header_line_height=\u00a0\u00bb1.5em\u00a0\u00bb custom_margin=\u00a0\u00bb||16px|||\u00a0\u00bb hover_enabled=\u00a0\u00bb0&Prime; global_colors_info=\u00a0\u00bb{}\u00a0\u00bb sticky_enabled=\u00a0\u00bb0&Prime;]<\/p>\n<p><strong><a href=\"\/wp-content\/uploads\/2026\/01\/CUENTAS-ANUALES-2023.pdf\">Comptes annuels 2023<\/a><\/strong><br \/><strong><a href=\"\/wp-content\/uploads\/2026\/01\/CUENTAS-ANUALES-2024.pdf\">Comptes annuels 2024<\/a><\/strong><\/p>\n<p>[\/et_pb_blurb][et_pb_blurb title=\u00a0\u00bbMOUVEMENTS DU COMPTE OUVERT  \u00a0\u00bb use_icon=\u00a0\u00bbon\u00a0\u00bb font_icon=\u00a0\u00bb&#x52;||divi||400&Prime; icon_color=\u00a0\u00bb#01377d\u00a0\u00bb icon_placement=\u00a0\u00bbleft\u00a0\u00bb image_icon_width=\u00a0\u00bb26px\u00a0\u00bb content_max_width=\u00a0\u00bb1100px\u00a0\u00bb _builder_version=\u00a0\u00bb4.27.4&Prime; _module_preset=\u00a0\u00bbdefault\u00a0\u00bb header_level=\u00a0\u00bbh2&Prime; header_font_size=\u00a0\u00bb17px\u00a0\u00bb header_line_height=\u00a0\u00bb1.5em\u00a0\u00bb custom_margin=\u00a0\u00bb||16px|||\u00a0\u00bb global_colors_info=\u00a0\u00bb{}\u00a0\u00bb][\/et_pb_blurb][\/et_pb_column][\/et_pb_row][\/et_pb_section]<\/p>\n","protected":false},"excerpt":{"rendered":"<p>Transparence1- INFORMATION INSTITUTIONNELLE ET CORPORATIVE 2- LA TRANSPARENCE POLITIQUE 3 &#8211; INFORMATION SUR LES CONTRATS4-INFORMATION SUR LES SUBVENTIONS ET LES ACCORDS D\u00e9cret contribution DPZ 2025Arr\u00eat\u00e9 [&hellip;]<\/p>\n","protected":false},"author":2,"featured_media":0,"parent":0,"menu_order":0,"comment_status":"closed","ping_status":"closed","template":"","meta":{"_et_pb_use_builder":"on","_et_pb_old_content":"","_et_gb_content_width":"","footnotes":""},"class_list":["post-231513","page","type-page","status-publish","hentry"],"yoast_head":"<!-- This site is optimized with the Yoast SEO plugin v27.4 - https:\/\/yoast.com\/product\/yoast-seo-wordpress\/ -->\n<title>Transparence - Transpirenaica<\/title>\n<meta name=\"robots\" content=\"noindex, follow, max-snippet:-1, max-image-preview:large, max-video-preview:-1\" \/>\n<meta property=\"og:locale\" content=\"fr_FR\" \/>\n<meta property=\"og:type\" content=\"article\" \/>\n<meta property=\"og:title\" content=\"Transparence - Transpirenaica\" \/>\n<meta property=\"og:description\" content=\"Transparence1- INFORMATION INSTITUTIONNELLE ET CORPORATIVE 2- LA TRANSPARENCE POLITIQUE 3 - INFORMATION SUR LES CONTRATS4-INFORMATION SUR LES SUBVENTIONS ET LES ACCORDS D\u00e9cret contribution DPZ 2025Arr\u00eat\u00e9 [&hellip;]\" \/>\n<meta property=\"og:url\" content=\"https:\/\/distracted-northcutt.31-24-154-105.plesk.page\/fr\/transparence\/\" \/>\n<meta property=\"og:site_name\" content=\"Transpirenaica\" \/>\n<meta property=\"article:modified_time\" content=\"2026-04-15T12:35:51+00:00\" \/>\n<meta name=\"twitter:card\" content=\"summary_large_image\" \/>\n<meta name=\"twitter:label1\" content=\"Dur\u00e9e de lecture estim\u00e9e\" \/>\n\t<meta name=\"twitter:data1\" content=\"6 minutes\" \/>\n<script type=\"application\/ld+json\" class=\"yoast-schema-graph\">{\"@context\":\"https:\\\/\\\/schema.org\",\"@graph\":[{\"@type\":\"WebPage\",\"@id\":\"https:\\\/\\\/distracted-northcutt.31-24-154-105.plesk.page\\\/fr\\\/transparence\\\/\",\"url\":\"https:\\\/\\\/distracted-northcutt.31-24-154-105.plesk.page\\\/fr\\\/transparence\\\/\",\"name\":\"Transparence - Transpirenaica\",\"isPartOf\":{\"@id\":\"https:\\\/\\\/distracted-northcutt.31-24-154-105.plesk.page\\\/fr\\\/#website\"},\"datePublished\":\"2025-10-23T11:20:04+00:00\",\"dateModified\":\"2026-04-15T12:35:51+00:00\",\"breadcrumb\":{\"@id\":\"https:\\\/\\\/distracted-northcutt.31-24-154-105.plesk.page\\\/fr\\\/transparence\\\/#breadcrumb\"},\"inLanguage\":\"fr-FR\",\"potentialAction\":[{\"@type\":\"ReadAction\",\"target\":[\"https:\\\/\\\/distracted-northcutt.31-24-154-105.plesk.page\\\/fr\\\/transparence\\\/\"]}]},{\"@type\":\"BreadcrumbList\",\"@id\":\"https:\\\/\\\/distracted-northcutt.31-24-154-105.plesk.page\\\/fr\\\/transparence\\\/#breadcrumb\",\"itemListElement\":[{\"@type\":\"ListItem\",\"position\":1,\"name\":\"Portada\",\"item\":\"https:\\\/\\\/distracted-northcutt.31-24-154-105.plesk.page\\\/fr\\\/\"},{\"@type\":\"ListItem\",\"position\":2,\"name\":\"Transparence\"}]},{\"@type\":\"WebSite\",\"@id\":\"https:\\\/\\\/distracted-northcutt.31-24-154-105.plesk.page\\\/fr\\\/#website\",\"url\":\"https:\\\/\\\/distracted-northcutt.31-24-154-105.plesk.page\\\/fr\\\/\",\"name\":\"Transpirenaica\",\"description\":\"Cooperaci\u00f3n y desarrollo sostenible  en Arag\u00f3n\",\"potentialAction\":[{\"@type\":\"SearchAction\",\"target\":{\"@type\":\"EntryPoint\",\"urlTemplate\":\"https:\\\/\\\/distracted-northcutt.31-24-154-105.plesk.page\\\/fr\\\/?s={search_term_string}\"},\"query-input\":{\"@type\":\"PropertyValueSpecification\",\"valueRequired\":true,\"valueName\":\"search_term_string\"}}],\"inLanguage\":\"fr-FR\"}]}<\/script>\n<!-- \/ Yoast SEO plugin. -->","yoast_head_json":{"title":"Transparence - Transpirenaica","robots":{"index":"noindex","follow":"follow","max-snippet":"max-snippet:-1","max-image-preview":"max-image-preview:large","max-video-preview":"max-video-preview:-1"},"og_locale":"fr_FR","og_type":"article","og_title":"Transparence - Transpirenaica","og_description":"Transparence1- INFORMATION INSTITUTIONNELLE ET CORPORATIVE 2- LA TRANSPARENCE POLITIQUE 3 - INFORMATION SUR LES CONTRATS4-INFORMATION SUR LES SUBVENTIONS ET LES ACCORDS D\u00e9cret contribution DPZ 2025Arr\u00eat\u00e9 [&hellip;]","og_url":"https:\/\/distracted-northcutt.31-24-154-105.plesk.page\/fr\/transparence\/","og_site_name":"Transpirenaica","article_modified_time":"2026-04-15T12:35:51+00:00","twitter_card":"summary_large_image","twitter_misc":{"Dur\u00e9e de lecture estim\u00e9e":"6 minutes"},"schema":{"@context":"https:\/\/schema.org","@graph":[{"@type":"WebPage","@id":"https:\/\/distracted-northcutt.31-24-154-105.plesk.page\/fr\/transparence\/","url":"https:\/\/distracted-northcutt.31-24-154-105.plesk.page\/fr\/transparence\/","name":"Transparence - Transpirenaica","isPartOf":{"@id":"https:\/\/distracted-northcutt.31-24-154-105.plesk.page\/fr\/#website"},"datePublished":"2025-10-23T11:20:04+00:00","dateModified":"2026-04-15T12:35:51+00:00","breadcrumb":{"@id":"https:\/\/distracted-northcutt.31-24-154-105.plesk.page\/fr\/transparence\/#breadcrumb"},"inLanguage":"fr-FR","potentialAction":[{"@type":"ReadAction","target":["https:\/\/distracted-northcutt.31-24-154-105.plesk.page\/fr\/transparence\/"]}]},{"@type":"BreadcrumbList","@id":"https:\/\/distracted-northcutt.31-24-154-105.plesk.page\/fr\/transparence\/#breadcrumb","itemListElement":[{"@type":"ListItem","position":1,"name":"Portada","item":"https:\/\/distracted-northcutt.31-24-154-105.plesk.page\/fr\/"},{"@type":"ListItem","position":2,"name":"Transparence"}]},{"@type":"WebSite","@id":"https:\/\/distracted-northcutt.31-24-154-105.plesk.page\/fr\/#website","url":"https:\/\/distracted-northcutt.31-24-154-105.plesk.page\/fr\/","name":"Transpirenaica","description":"Cooperaci\u00f3n y desarrollo sostenible  en Arag\u00f3n","potentialAction":[{"@type":"SearchAction","target":{"@type":"EntryPoint","urlTemplate":"https:\/\/distracted-northcutt.31-24-154-105.plesk.page\/fr\/?s={search_term_string}"},"query-input":{"@type":"PropertyValueSpecification","valueRequired":true,"valueName":"search_term_string"}}],"inLanguage":"fr-FR"}]}},"_links":{"self":[{"href":"https:\/\/distracted-northcutt.31-24-154-105.plesk.page\/fr\/wp-json\/wp\/v2\/pages\/231513","targetHints":{"allow":["GET"]}}],"collection":[{"href":"https:\/\/distracted-northcutt.31-24-154-105.plesk.page\/fr\/wp-json\/wp\/v2\/pages"}],"about":[{"href":"https:\/\/distracted-northcutt.31-24-154-105.plesk.page\/fr\/wp-json\/wp\/v2\/types\/page"}],"author":[{"embeddable":true,"href":"https:\/\/distracted-northcutt.31-24-154-105.plesk.page\/fr\/wp-json\/wp\/v2\/users\/2"}],"replies":[{"embeddable":true,"href":"https:\/\/distracted-northcutt.31-24-154-105.plesk.page\/fr\/wp-json\/wp\/v2\/comments?post=231513"}],"version-history":[{"count":10,"href":"https:\/\/distracted-northcutt.31-24-154-105.plesk.page\/fr\/wp-json\/wp\/v2\/pages\/231513\/revisions"}],"predecessor-version":[{"id":231562,"href":"https:\/\/distracted-northcutt.31-24-154-105.plesk.page\/fr\/wp-json\/wp\/v2\/pages\/231513\/revisions\/231562"}],"wp:attachment":[{"href":"https:\/\/distracted-northcutt.31-24-154-105.plesk.page\/fr\/wp-json\/wp\/v2\/media?parent=231513"}],"curies":[{"name":"wp","href":"https:\/\/api.w.org\/{rel}","templated":true}]}}