{"id":231214,"date":"2025-12-30T11:38:22","date_gmt":"2025-12-30T11:38:22","guid":{"rendered":"https:\/\/priceless-carson.188-95-114-7.plesk.page\/projets-precedents\/"},"modified":"2026-04-15T12:34:34","modified_gmt":"2026-04-15T12:34:34","slug":"projets-precedents","status":"publish","type":"page","link":"https:\/\/distracted-northcutt.31-24-154-105.plesk.page\/fr\/projets-precedents\/","title":{"rendered":"Projets pr\u00e9c\u00e9dents"},"content":{"rendered":"<p>[et_pb_section fb_built=\u00a0\u00bb1&Prime; custom_padding_last_edited=\u00a0\u00bbon|phone\u00a0\u00bb _builder_version=\u00a0\u00bb4.27.4&Prime; background_enable_color=\u00a0\u00bboff\u00a0\u00bb use_background_color_gradient=\u00a0\u00bbon\u00a0\u00bb background_color_gradient_direction=\u00a0\u00bb169deg\u00a0\u00bb background_color_gradient_stops=\u00a0\u00bb#000000 0%|rgba(0, 0, 0, 0.67) 0%|rgba(0, 0, 0, 0.58) 80%|rgba(0, 0, 0, 0.65) 100%\u00a0\u00bb background_color_gradient_overlays_image=\u00a0\u00bbon\u00a0\u00bb background_image=\u00a0\u00bbhttps:\/\/distracted-northcutt.31-24-154-105.plesk.page\/wp-content\/uploads\/2026\/01\/proyectos-europeos-2.jpg\u00a0\u00bb custom_padding=\u00a0\u00bb120px||120px||true|false\u00a0\u00bb custom_padding_tablet=\u00a0\u00bb\u00a0\u00bb custom_padding_phone=\u00a0\u00bb150px||80px||false|false\u00a0\u00bb locked=\u00a0\u00bboff\u00a0\u00bb global_colors_info=\u00a0\u00bb{}\u00a0\u00bb][et_pb_row use_custom_gutter=\u00a0\u00bbon\u00a0\u00bb gutter_width=\u00a0\u00bb2&Prime; make_equal=\u00a0\u00bbon\u00a0\u00bb _builder_version=\u00a0\u00bb4.27.4&Prime; width_tablet=\u00a0\u00bb90%\u00a0\u00bb width_phone=\u00a0\u00bb90%\u00a0\u00bb width_last_edited=\u00a0\u00bboff|desktop\u00a0\u00bb max_width_tablet=\u00a0\u00bb90%\u00a0\u00bb max_width_phone=\u00a0\u00bb90%\u00a0\u00bb max_width_last_edited=\u00a0\u00bboff|desktop\u00a0\u00bb module_alignment=\u00a0\u00bbcenter\u00a0\u00bb custom_margin=\u00a0\u00bb|auto||auto|false|false\u00a0\u00bb custom_padding=\u00a0\u00bb||||false|false\u00a0\u00bb global_colors_info=\u00a0\u00bb{}\u00a0\u00bb][et_pb_column type=\u00a0\u00bb4_4&Prime; _builder_version=\u00a0\u00bb4.16&Prime; global_colors_info=\u00a0\u00bb{}\u00a0\u00bb][et_pb_text _builder_version=\u00a0\u00bb4.27.4&Prime; _module_preset=\u00a0\u00bbdefault\u00a0\u00bb header_font=\u00a0\u00bb&#8211;et_global_heading_font|800||on|||||\u00a0\u00bb header_text_align=\u00a0\u00bbcenter\u00a0\u00bb header_text_color=\u00a0\u00bb#FFFFFF\u00a0\u00bb header_font_size=\u00a0\u00bb44px\u00a0\u00bb header_line_height=\u00a0\u00bb1.3em\u00a0\u00bb global_colors_info=\u00a0\u00bb{}\u00a0\u00bb]<\/p>\n<h1>Projets pr\u00e9c\u00e9dents<\/h1>\n<p>[\/et_pb_text][\/et_pb_column][\/et_pb_row][\/et_pb_section][et_pb_section fb_built=\u00a0\u00bb1&Prime; _builder_version=\u00a0\u00bb4.27.4&Prime; _module_preset=\u00a0\u00bbdefault\u00a0\u00bb custom_padding=\u00a0\u00bb24px||23px|||\u00a0\u00bb locked=\u00a0\u00bboff\u00a0\u00bb global_colors_info=\u00a0\u00bb{}\u00a0\u00bb][et_pb_row _builder_version=\u00a0\u00bb4.27.4&Prime; _module_preset=\u00a0\u00bbdefault\u00a0\u00bb custom_padding=\u00a0\u00bb||20px|||\u00a0\u00bb global_colors_info=\u00a0\u00bb{}\u00a0\u00bb][et_pb_column type=\u00a0\u00bb4_4&Prime; _builder_version=\u00a0\u00bb4.27.4&Prime; _module_preset=\u00a0\u00bbdefault\u00a0\u00bb global_colors_info=\u00a0\u00bb{}\u00a0\u00bb][et_pb_text _builder_version=\u00a0\u00bb4.27.4&Prime; _module_preset=\u00a0\u00bbdefault\u00a0\u00bb header_2_text_color=\u00a0\u00bb#000000&Prime; header_2_line_height=\u00a0\u00bb1.3em\u00a0\u00bb global_colors_info=\u00a0\u00bb{}\u00a0\u00bb]<\/p>\n<h2>Financement europ\u00e9en au titre du Fonds europ\u00e9en de d\u00e9veloppement r\u00e9gional (FEDER)<\/h2>\n<p>[\/et_pb_text][et_pb_toggle title=\u00a0\u00bbSUDOE : PYRENE IV\u00a0\u00bb open_toggle_text_color=\u00a0\u00bb#000000&Prime; icon_color=\u00a0\u00bb#01377d\u00a0\u00bb _builder_version=\u00a0\u00bb4.27.4&Prime; _module_preset=\u00a0\u00bbdefault\u00a0\u00bb title_text_color=\u00a0\u00bb#000000&Prime; title_level=\u00a0\u00bbh2&Prime; title_font_size=\u00a0\u00bb17px\u00a0\u00bb title_line_height=\u00a0\u00bb1.2em\u00a0\u00bb body_text_align=\u00a0\u00bbjustify\u00a0\u00bb text_orientation=\u00a0\u00bbjustified\u00a0\u00bb custom_margin=\u00a0\u00bb||15px|||\u00a0\u00bb global_colors_info=\u00a0\u00bb{}\u00a0\u00bb]<\/p>\n<p>Programme op\u00e9rationnel de coop\u00e9ration territoriale de l&rsquo;espace sud-ouest europ\u00e9en (SUDOE) INTERREG IV B SUDOE 2007-2013.<\/p>\n<p><strong>PIRENE IV :<\/strong> Besoins d&rsquo;interconnexion des r\u00e9gions du sud-ouest de l&rsquo;Europe. Optimisation du r\u00e9seau d&rsquo;infrastructures \u00e0 partir d&rsquo;une approche multimodale. <\/p>\n<h3>Partenaires :<\/h3>\n<p>Fondation Transpirenaica (ES), Chef de file<br \/>2. Gobierno de Arag\u00f3n &#8211; Departamento de Obras P\u00fablicas, Urbanismo y Transportes (ES)<br \/>3. Eurosud transport Atlantique-M\u00e9diterran\u00e9e (FR)<br \/>4. Direction des infrastructures et des transports &#8211; R\u00e9gion Midi-Pyr\u00e9n\u00e9es (FR)<br \/>5. Direction R\u00e9gionale de l&rsquo;Environnment, de l&rsquo;Am\u00e9nagement et du Logement Aquitaine (FR)<br \/>6. R\u00e9seau ferr\u00e9 de France &#8211; r\u00e9gion Midi-Pyr\u00e9n\u00e9es (FR)<br \/>7. Direction R\u00e9gionale de l&rsquo;Environnment, de l&rsquo;Am\u00e9nagement et du Logement Midi-Pyr\u00e9n\u00e9es (FR)<br \/>8. Comiss\u00e3o de Coordena\u00e7\u00e3o e Desenvolvimento Regional do Alentejo (PT)<br \/>9. FEPORTS &#8211; Instituto Portuario de Estudios y Cooperaci\u00f3n de la Comunidad Valenciana (ES)<br \/>10. APPA &#8211; Agencia P\u00fablica Puertos de Andaluc\u00eda (ES)<\/p>\n<p><strong>Dur\u00e9e :<\/strong> 61 mois<br \/><strong>Date de d\u00e9but :<\/strong> 01\/01\/2008<br \/><strong>Date de fin :<\/strong> 31\/12\/2012<br \/><strong>Co\u00fbt total (\u20ac) :<\/strong> 3.321.184,82 EUR<br \/><strong>Aide du FEDER (\u20ac) :<\/strong> 2.490.888,61 EUR<\/p>\n<h3>R\u00e9sum\u00e9 du projet :<\/h3>\n<p>Le projet PIRENE IV est une continuation du projet PIRENE III d\u00e9velopp\u00e9 dans le cadre du programme INTERREG III B SUDOE. Il s&rsquo;agit d&rsquo;une initiative prise par des r\u00e9gions espagnoles, fran\u00e7aises et portugaises dont l&rsquo;objectif principal est de r\u00e9aliser une s\u00e9rie d&rsquo;activit\u00e9s visant \u00e0 acc\u00e9l\u00e9rer la mise en place d&rsquo;un r\u00e9seau ferroviaire efficace dans le sud-ouest de l&rsquo;Europe, capable de r\u00e9soudre les probl\u00e8mes actuels de saturation du trafic. <\/p>\n<p>[\/et_pb_toggle][et_pb_toggle title=\u00a0\u00bbPOCTEFA : CANFRANEUS II  \u00a0\u00bb open_toggle_text_color=\u00a0\u00bb#000000&Prime; icon_color=\u00a0\u00bb#01377d\u00a0\u00bb _builder_version=\u00a0\u00bb4.27.4&Prime; _module_preset=\u00a0\u00bbdefault\u00a0\u00bb title_text_color=\u00a0\u00bb#000000&Prime; title_level=\u00a0\u00bbh2&Prime; title_text_align=\u00a0\u00bbjustify\u00a0\u00bb title_font_size=\u00a0\u00bb17px\u00a0\u00bb title_line_height=\u00a0\u00bb1.2em\u00a0\u00bb body_text_align=\u00a0\u00bbjustify\u00a0\u00bb custom_margin=\u00a0\u00bb||15px|||\u00a0\u00bb global_colors_info=\u00a0\u00bb{}\u00a0\u00bb]<\/p>\n<p>Programme op\u00e9rationnel de coop\u00e9ration territoriale Espagne-France-Andorre, POCTEFA INTERREG IV A 2014-2020.<\/p>\n<p>CANFRANEUS II, Pour la r\u00e9ouverture de la ligne ferroviaire Pau-Canfranc-Zaragoza.<\/p>\n<h3>Partenaires :<\/h3>\n<p>1. conseil r\u00e9gional de Nouvelle Aquitaine (FR), chef de file<br \/>2. Gouvernement d&rsquo;Aragon (ES)<br \/>3. Fondation Transpyr\u00e9n\u00e9enne (ES)<\/p>\n<p><strong>Date de d\u00e9but :<\/strong> 01\/01\/2016<br \/><strong>Date de fin :<\/strong> 31\/12\/2019<br \/><strong>Co\u00fbt total (\u20ac) :<\/strong> 556,419.97 EUR<br \/><strong>Assistance FEDER (\u20ac) :<\/strong> 361,672.98 EUR<\/p>\n<h3>R\u00e9sum\u00e9 du projet :<\/h3>\n<p>Le projet Canfraneus II s&rsquo;inscrit dans la continuit\u00e9 du projet Canfraneus I. Son double objectif a permis, d&rsquo;une part, d&rsquo;\u00e9tudier en profondeur la s\u00e9curit\u00e9 r\u00e9ciproque des tunnels ferroviaires et routiers internationaux, ainsi que leurs conditions d&rsquo;exploitation, et d&rsquo;autre part, d&rsquo;identifier les points forts de la ligne afin de promouvoir l&rsquo;utilisation du train pour les passagers et le fret.<\/p>\n<p>[\/et_pb_toggle][\/et_pb_column][\/et_pb_row][\/et_pb_section][et_pb_section fb_built=\u00a0\u00bb1&Prime; _builder_version=\u00a0\u00bb4.27.4&Prime; _module_preset=\u00a0\u00bbdefault\u00a0\u00bb custom_padding=\u00a0\u00bb13px||28px|||\u00a0\u00bb locked=\u00a0\u00bboff\u00a0\u00bb global_colors_info=\u00a0\u00bb{}\u00a0\u00bb][et_pb_row _builder_version=\u00a0\u00bb4.27.4&Prime; _module_preset=\u00a0\u00bbdefault\u00a0\u00bb global_colors_info=\u00a0\u00bb{}\u00a0\u00bb][et_pb_column type=\u00a0\u00bb4_4&Prime; _builder_version=\u00a0\u00bb4.27.4&Prime; _module_preset=\u00a0\u00bbdefault\u00a0\u00bb global_colors_info=\u00a0\u00bb{}\u00a0\u00bb][et_pb_text _builder_version=\u00a0\u00bb4.27.4&Prime; _module_preset=\u00a0\u00bbdefault\u00a0\u00bb header_2_text_color=\u00a0\u00bb#000000&Prime; header_2_line_height=\u00a0\u00bb1.3em\u00a0\u00bb global_colors_info=\u00a0\u00bb{}\u00a0\u00bb]<\/p>\n<h2>Financement europ\u00e9en au titre de la Facilit\u00e9 pour l&rsquo;interconnexion en Europe (CEF)<\/h2>\n<p>[\/et_pb_text][et_pb_toggle title=\u00a0\u00bbM\u00c9CANISME CONTECTAR EUROPE 2016&Prime; open_toggle_text_color=\u00a0\u00bb#000000&Prime; icon_color=\u00a0\u00bb#01377d\u00a0\u00bb _builder_version=\u00a0\u00bb4.27.4&Prime; _module_preset=\u00a0\u00bbdefault\u00a0\u00bb title_text_color=\u00a0\u00bb#000000&Prime; title_level=\u00a0\u00bbh2&Prime; title_text_align=\u00a0\u00bbjustify\u00a0\u00bb title_font_size=\u00a0\u00bb17px\u00a0\u00bb title_line_height=\u00a0\u00bb1.2em\u00a0\u00bb closed_title_text_align=\u00a0\u00bbjustify\u00a0\u00bb body_text_align=\u00a0\u00bbjustify\u00a0\u00bb custom_margin=\u00a0\u00bb||15px|||\u00a0\u00bb hover_enabled=\u00a0\u00bb0&Prime; global_colors_info=\u00a0\u00bb{}\u00a0\u00bb sticky_enabled=\u00a0\u00bb0&Prime;]Dans le cadre de l&rsquo;appel Connecting Europe Facility (CEF) 2016, la convention de subvention de la Commission europ\u00e9enne a \u00e9t\u00e9 sign\u00e9e pour le projet \u00ab\u00a0Overcoming missing links between France and Spain : studies for the rehabilitation of the Pau-Zaragoza cross-border railway section\u00a0\u00bb.<\/p>\n<h3>Objectif principal :<\/h3>\n<ul>\n<li>pr\u00e9parer les proc\u00e9dures de conception et d&rsquo;autorisation n\u00e9cessaires \u00e0 l&rsquo;ex\u00e9cution des travaux sur les sections espagnole et fran\u00e7aise du chemin de fer ;<\/li>\n<li>la mise en \u0153uvre d&rsquo;une s\u00e9rie d&rsquo;activit\u00e9s horizontales visant \u00e0 d\u00e9velopper une structure organisationnelle commune pour am\u00e9liorer la coop\u00e9ration internationale, ainsi que l&rsquo;\u00e9laboration de mod\u00e8les de financement et de structures op\u00e9rationnelles appropri\u00e9s.<\/li>\n<\/ul>\n<h3>Donn\u00e9es du projet<\/h3>\n<ul>\n<li>Date de d\u00e9but\/fin : 01\/03\/2017 &#8211; 31\/12\/2023.<\/li>\n<li>Co\u00fbt total : 14 710 000 euros.<\/li>\n<li>Financement accord\u00e9 au titre du CEF (50 %) : 7 355 000 euros.<\/li>\n<\/ul>\n<h3>Partenaires :<\/h3>\n<ul>\n<li>R\u00e9gion Nouvelle-Aquitaine, Coordinateur.<\/li>\n<li>Minist\u00e8re de la Transition \u00c9cologique et Solidaire (MTES).<\/li>\n<li>Minist\u00e8re des travaux publics, aujourd&rsquo;hui MTMS.<\/li>\n<li>Gouvernement d&rsquo;Aragon.<\/li>\n<li>Administrador de Infraestructuras Ferroviarias (ADIF).<\/li>\n<\/ul>\n<h3>Entit\u00e9s affili\u00e9es :<\/h3>\n<ul>\n<li>PLHUS, Plataforma Log\u00edstica S.L. affili\u00e9e au gouvernement d&rsquo;Aragon.<\/li>\n<li>Fondation Transpirenaica affili\u00e9e au gouvernement d&rsquo;Aragon.<\/li>\n<\/ul>\n<h3>Agence de mise en \u0153uvre :<\/h3>\n<ul>\n<li>SNCF-R\u00e9seau, d\u00e9sign\u00e9 par le MTES.<\/li>\n<\/ul>\n<p><strong>PROJET ACHEV\u00c9<\/strong>[\/et_pb_toggle][et_pb_toggle title=\u00a0\u00bbM\u00c9CANISME CONNECT EUROPE 2019&Prime; open_toggle_text_color=\u00a0\u00bb#000000&Prime; icon_color=\u00a0\u00bb#01377d\u00a0\u00bb _builder_version=\u00a0\u00bb4.27.4&Prime; _module_preset=\u00a0\u00bbdefault\u00a0\u00bb title_text_color=\u00a0\u00bb#000000&Prime; title_level=\u00a0\u00bbh2&Prime; title_font_size=\u00a0\u00bb17px\u00a0\u00bb title_line_height=\u00a0\u00bb1.2em\u00a0\u00bb body_text_align=\u00a0\u00bbjustify\u00a0\u00bb custom_margin=\u00a0\u00bb||15px|||\u00a0\u00bb hover_enabled=\u00a0\u00bb0&Prime; global_colors_info=\u00a0\u00bb{}\u00a0\u00bb sticky_enabled=\u00a0\u00bb0&Prime;]Dans le cadre de l&rsquo;appel 2019 du Connecting Europe Facility (CEF), la convention de subvention de la Commission europ\u00e9enne a \u00e9t\u00e9 sign\u00e9e pour le projet \u00ab\u00a0Surmonter les cha\u00eenons manquants entre la France et l&rsquo;Espagne : Section ferroviaire transfrontali\u00e8re Pau-Zaragoza. R\u00e9ouverture du tunnel ferroviaire du Somport\u00a0\u00bb. <\/p>\n<h3>Objectif principal :<\/h3>\n<ul>\n<li>les \u00e9tudes et activit\u00e9s n\u00e9cessaires \u00e0 la r\u00e9habilitation du tunnel ferroviaire du Somport, dans le but de permettre la r\u00e9ouverture du trafic international de passagers et de marchandises ;<\/li>\n<li>le financement d&rsquo;une partie des travaux de la nouvelle gare de triage sur l&rsquo;esplanade internationale et la construction de la nouvelle gare de voyageurs \u00e0 Canfranc.<\/li>\n<\/ul>\n<h3>Donn\u00e9es du projet<\/h3>\n<ul>\n<li>Date de d\u00e9but\/fin : 24\/04\/2019 &#8211; 31\/12\/2024.<\/li>\n<li>Co\u00fbt total : 8 600 000 euros.<\/li>\n<li>Financement accord\u00e9 au titre du CEF : 2 746 000 euros.<\/li>\n<\/ul>\n<h3>Partenaires :<\/h3>\n<ul>\n<li>Minist\u00e8re des travaux publics, aujourd&rsquo;hui MTMS, coordinateur.<\/li>\n<li>Gouvernement d&rsquo;Aragon.<\/li>\n<li>Minist\u00e8re de la Transition \u00c9cologique et Solidaire (MTES).<\/li>\n<li>R\u00e9gion Nouvelle-Aquitaine.<\/li>\n<\/ul>\n<h3>Entit\u00e9s affili\u00e9es :<\/h3>\n<ul>\n<li>SVA, Suelo y Vivienda de Arag\u00f3n, affili\u00e9 au gouvernement d&rsquo;Aragon.<\/li>\n<li>Fondation Transpirenaica affili\u00e9e au gouvernement d&rsquo;Aragon.<\/li>\n<\/ul>\n<h3>Agence de mise en \u0153uvre :<\/h3>\n<ul>\n<li>SNCF-R\u00e9seau, d\u00e9sign\u00e9 par le MTES.<\/li>\n<\/ul>\n<p><strong>PROJET ACHEV\u00c9<\/strong><\/p>\n<h3>VID\u00c9OS<\/h3>\n<ul>\n<ul>\n<li><a href=\"https:\/\/www.jfactory.es\/canfranc\/\" target=\"_blank\" rel=\"noopener\">Visite virtuelle<\/a><\/li>\n<li><a href=\"https:\/\/www.youtube.com\/watch?v=UjzaG3ZiDDY\" target=\"_blank\" rel=\"noopener\">Station Canfranc 2015<\/a>;<\/li>\n<\/ul>\n<\/ul>\n<p><iframe loading=\"lazy\" width=\"450px\" height=\"315\" src=\"https:\/\/www.youtube.com\/embed\/UjzaG3ZiDDY?si=Ov20FU8_fo8DTs6r\" title=\"Lecteur vid\u00e9o YouTube\" frameborder=\"0\" allow=\"accelerometer; autoplay; clipboard-write; encrypted-media; gyroscope; picture-in-picture; web-share\" referrerpolicy=\"strict-origin-when-cross-origin\" allowfullscreen=\"\"><\/iframe><\/p>\n<ul>\n<ul>\n<li><a href=\"https:\/\/www.youtube.com\/watch?v=t12hRG_aAU0\" target=\"_blank\" rel=\"noopener\">Gare de Canfranc 2020<\/a>;<\/li>\n<\/ul>\n<\/ul>\n<p><iframe loading=\"lazy\" width=\"450px\" height=\"315\" src=\"https:\/\/www.youtube.com\/embed\/t12hRG_aAU0?si=3XF19j_zQGIeMdSS\" title=\"Lecteur vid\u00e9o YouTube\" frameborder=\"0\" allow=\"accelerometer; autoplay; clipboard-write; encrypted-media; gyroscope; picture-in-picture; web-share\" referrerpolicy=\"strict-origin-when-cross-origin\" allowfullscreen=\"\"><\/iframe><\/p>\n<ul>\n<ul>\n<li><a href=\"https:\/\/www.youtube.com\/watch?v=VA2BPHyjBRo\" target=\"_blank\" rel=\"noopener\">Evolution 2015-2020<\/a>;<\/li>\n<\/ul>\n<\/ul>\n<p><iframe loading=\"lazy\" width=\"450px\" height=\"315\" src=\"https:\/\/www.youtube.com\/embed\/VA2BPHyjBRo?si=fPKQ2vtflrVb73q_\" title=\"Lecteur vid\u00e9o YouTube\" frameborder=\"0\" allow=\"accelerometer; autoplay; clipboard-write; encrypted-media; gyroscope; picture-in-picture; web-share\" referrerpolicy=\"strict-origin-when-cross-origin\" allowfullscreen=\"\"><\/iframe><\/p>\n<h3>NOUVELLES<\/h3>\n<p><strong>ARAGON AUJOURD&rsquo;HUI<\/strong><\/p>\n<ul>\n<li><a href=\"https:\/\/www.aragonhoy.es\/vertebracion-del-territorio-movilidad-y-vivienda\/europa-destina-9-1-millones-euros-reapertura-linea-internacional-canfranc-92457\" target=\"_blank\" rel=\"noopener\">L&rsquo;Europe consacre 9,1 millions d&rsquo;euros \u00e0 la r\u00e9ouverture de la ligne internationale \u00e0 Canfranc<\/a><\/li>\n<li><a href=\"https:\/\/www.aragonhoy.es\/presidencia\/avanzan-conexiones-ferroviarias-pirineo-francia-modernizacion-linea-zaragoza-huesca-canfranc-90979\" target=\"_blank\" rel=\"noopener\">Les liaisons ferroviaires avec les Pyr\u00e9n\u00e9es et la France progressent gr\u00e2ce \u00e0 la modernisation de la ligne Saragosse-Huesca-Canfranc<\/a><\/li>\n<li><a href=\"https:\/\/www.aragonhoy.es\/vertebracion-del-territorio-movilidad-y-vivienda\/soro-89841\" target=\"_blank\" rel=\"noopener\">Soro souligne le succ\u00e8s collectif de l&rsquo;ouverture de l&rsquo;esplanade Ara\u00f1ones<\/a><\/li>\n<li><a href=\"https:\/\/www.aragonhoy.es\/vertebracion-del-territorio-movilidad-y-vivienda\/canfranc-oportunidad-conectar-europa-89718\" target=\"_blank\" rel=\"noopener\">Canfranc, l&rsquo;occasion de connecter l&rsquo;Europe<\/a><\/li>\n<li><a href=\"https:\/\/www.aragonhoy.es\/vertebracion-del-territorio-movilidad-y-vivienda\/soro-traslada-representantes-comision-europea-importancia-reabrir-canfranc-87267\" target=\"_blank\" rel=\"noopener\">Soro explique aux repr\u00e9sentants de l&rsquo;Union europ\u00e9enne l&rsquo;importance de la r\u00e9ouverture du Canfranc<\/a><\/li>\n<li><a href=\"https:\/\/www.aragonhoy.es\/vertebracion-del-territorio-movilidad-y-vivienda\/soro-destaca-canfranc-buen-momento-85682\" target=\"_blank\" rel=\"noopener\">Soro souligne \u00e0 Canfranc le bon moment politique et social pour promouvoir la r\u00e9ouverture de la ligne internationale<\/a><\/li>\n<li><a href=\"https:\/\/www.aragonhoy.es\/vertebracion-del-territorio-movilidad-y-vivienda\/nuevo-impulso-reapertura-canfranc-eje-85394\" target=\"_blank\" rel=\"noopener\">Nouvel \u00e9lan pour la r\u00e9ouverture du Canfranc en tant qu&rsquo;axe transpyr\u00e9n\u00e9en pour le transport de marchandises et la logistique<\/a><\/li>\n<li><a href=\"https:\/\/www.aragonhoy.es\/vertebracion-del-territorio-movilidad-y-vivienda\/agrupacion-europea-interes-economico-aeie-79126\" target=\"_blank\" rel=\"noopener\">Un groupement europ\u00e9en d&rsquo;int\u00e9r\u00eat \u00e9conomique (GEIE) coordonnera et pilotera le projet de r\u00e9ouverture de la ligne internationale Canfranc.<\/a><\/li>\n<li><a href=\"https:\/\/www.aragonhoy.es\/vertebracion-del-territorio-movilidad-y-vivienda\/grupo-gobiernos-espana-francia-75059\" target=\"_blank\" rel=\"noopener\">La France, l&rsquo;Aragon et la Nouvelle Aquitaine constatent des progr\u00e8s dans la r\u00e9ouverture de la ligne internationale de Canfranc<\/a><\/li>\n<li><a href=\"https:\/\/www.aragonhoy.es\/vertebracion-del-territorio-movilidad-y-vivienda\/soro-presenta-nueva-herramienta-conocer-77113\" target=\"_blank\" rel=\"noopener\">Soro pr\u00e9sente le nouvel outil d&rsquo;information d\u00e9taill\u00e9e sur les travaux de Canfranc<\/a><\/li>\n<li><a href=\"https:\/\/www.aragonhoy.es\/vertebracion-del-territorio-movilidad-y-vivienda\/soro-compromiso-canfranc-firme-damos-78815\" target=\"_blank\" rel=\"noopener\">Soro : l&rsquo;engagement envers le Canfranc est ferme et nous donnons \u00e0 l&rsquo;Europe un argument suppl\u00e9mentaire pour la r\u00e9ouverture du trafic international.<\/a><\/li>\n<li><a href=\"https:\/\/www.aragonhoy.es\/presidencia\/trenes-circulan-nueva-estacion-canfranc-77254\" target=\"_blank\" rel=\"noopener\">Les trains circulent d\u00e9sormais dans la nouvelle gare de Canfranc<\/a><\/li>\n<li><a href=\"https:\/\/www.aragonhoy.es\/vertebracion-del-territorio-movilidad-y-vivienda\/visita-virtual-obras-explanada-estacion-73493\" target=\"_blank\" rel=\"noopener\">Visite virtuelle des travaux sur l&rsquo;Esplanade de la station internationale de Canfranc<\/a><\/li>\n<li><a href=\"https:\/\/www.aragonhoy.es\/vertebracion-del-territorio-movilidad-y-vivienda\/canfranc-titular-71842\" target=\"_blank\" rel=\"noopener\">Le pr\u00e9sident d&rsquo;Aragon visite l&rsquo;usine de Canfranc avec le ministre des Transports, de l&rsquo;Urbanisme et de l&rsquo;Agenda urbain<\/a><\/li>\n<\/ul>\n<p><strong>MITMA PRESS<\/strong><\/p>\n<ul>\n<li><a href=\"https:\/\/www.transportes.gob.es\/el-ministerio\/sala-de-prensa\/noticias\/vie-27092019-1608\" target=\"_blank\" rel=\"noopener\">La Commission europ\u00e9enne s\u00e9lectionne 7 projets d&rsquo;investissement avec participation espagnole pour recevoir des fonds du CEF<\/a><\/li>\n<li><a href=\"https:\/\/www.transportes.gob.es\/el-ministerio\/sala-de-prensa\/noticias\/vie-09102020-1202\" target=\"_blank\" rel=\"noopener\">Mitma et la Nouvelle Aquitaine signent un accord pour \u00e9tudier la r\u00e9ouverture du tunnel ferroviaire du Somport.<\/a><\/li>\n<li><a href=\"https:\/\/www.transportes.gob.es\/el-ministerio\/sala-de-prensa\/noticias\/lun-30112020-0947\" target=\"_blank\" rel=\"noopener\">MITMA lance un appel d&rsquo;offres pour l&rsquo;\u00e9tude de r\u00e9ouverture du tunnel ferroviaire du Somport<\/a><\/li>\n<li><a href=\"https:\/\/www.transportes.gob.es\/el-ministerio\/sala-de-prensa\/noticias\/jue-15042021-1816\" target=\"_blank\" rel=\"noopener\">M. \u00c1balos annonce un coup de pouce pour la r\u00e9ouverture de la ligne ferroviaire internationale Saragosse-Canfranc-Pau<\/a><\/li>\n<li><a href=\"https:\/\/www.transportes.gob.es\/el-ministerio\/sala-de-prensa\/noticias\/mar-20042021-1726\" target=\"_blank\" rel=\"noopener\">MITMA formalise le contrat pour la r\u00e9daction de l'\u00a0\u00bb\u00c9tude pour la r\u00e9ouverture du tunnel ferroviaire du Somport\u00a0\u00bb.<\/a><\/li>\n<li><a href=\"https:\/\/www.transportes.gob.es\/el-ministerio\/sala-de-prensa\/noticias\/jue-23092021-1224\" target=\"_blank\" rel=\"noopener\">Le groupe de travail des gouvernements d&rsquo;Espagne, de France, d&rsquo;Aragon et de Nouvelle-Aquitaine prend acte des progr\u00e8s r\u00e9alis\u00e9s en vue de la r\u00e9ouverture de la ligne internationale \u00e0 Canfranc<\/a><\/li>\n<li><a href=\"https:\/\/www.transportes.gob.es\/el-ministerio\/sala-de-prensa\/noticias\/jue-24032022-1303\" target=\"_blank\" rel=\"noopener\">Nouvel \u00e9lan pour la r\u00e9ouverture du Canfranc en tant qu&rsquo;axe transpyr\u00e9n\u00e9en pour le transport de marchandises et la logistique<\/a><\/li>\n<li><a href=\"https:\/\/www.transportes.gob.es\/el-ministerio\/sala-de-prensa\/noticias\/jue-26092024-1237\" target=\"_blank\" rel=\"noopener\">Transport soumet \u00e0 l&rsquo;information du public l&rsquo;\u00e9tude informative pour la r\u00e9ouverture du tunnel ferroviaire du Somport, \u00e0 Huesca.<\/a><\/li>\n<li><a href=\"https:\/\/www.transportes.gob.es\/el-ministerio\/sala-de-prensa\/noticias\/vie-25102024-1354\" target=\"_blank\" rel=\"noopener\">\u00d3scar Puente ratifie le soutien du gouvernement espagnol \u00e0 la r\u00e9ouverture des liaisons ferroviaires et routi\u00e8res entre Huesca et la France<\/a><\/li>\n<li><a href=\"https:\/\/www.transportes.gob.es\/el-ministerio\/sala-de-prensa\/noticias\/lun-27012025-1144\" target=\"_blank\" rel=\"noopener\">Le minist\u00e8re des Transports approuve l&rsquo;\u00e9tude informative pour la r\u00e9ouverture du tunnel ferroviaire du Somport, \u00e0 Huesca.<\/a><\/li>\n<\/ul>\n<p>[\/et_pb_toggle][\/et_pb_column][\/et_pb_row][\/et_pb_section]<\/p>\n","protected":false},"excerpt":{"rendered":"<p>Projets pr\u00e9c\u00e9dentsFinancement europ\u00e9en au titre du Fonds europ\u00e9en de d\u00e9veloppement r\u00e9gional (FEDER)Programme op\u00e9rationnel de coop\u00e9ration territoriale de l&rsquo;espace sud-ouest europ\u00e9en (SUDOE) INTERREG IV B SUDOE [&hellip;]<\/p>\n","protected":false},"author":2,"featured_media":0,"parent":0,"menu_order":0,"comment_status":"closed","ping_status":"closed","template":"","meta":{"_et_pb_use_builder":"on","_et_pb_old_content":"","_et_gb_content_width":"","footnotes":""},"class_list":["post-231214","page","type-page","status-publish","hentry"],"yoast_head":"<!-- This site is optimized with the Yoast SEO plugin v27.4 - https:\/\/yoast.com\/product\/yoast-seo-wordpress\/ -->\n<title>Projets pr\u00e9c\u00e9dents - Transpirenaica<\/title>\n<meta name=\"robots\" content=\"noindex, follow, max-snippet:-1, max-image-preview:large, max-video-preview:-1\" \/>\n<meta property=\"og:locale\" content=\"fr_FR\" \/>\n<meta property=\"og:type\" content=\"article\" \/>\n<meta property=\"og:title\" content=\"Projets pr\u00e9c\u00e9dents - Transpirenaica\" \/>\n<meta property=\"og:description\" content=\"Projets pr\u00e9c\u00e9dentsFinancement europ\u00e9en au titre du Fonds europ\u00e9en de d\u00e9veloppement r\u00e9gional (FEDER)Programme op\u00e9rationnel de coop\u00e9ration territoriale de l&#039;espace sud-ouest europ\u00e9en (SUDOE) INTERREG IV B SUDOE [&hellip;]\" \/>\n<meta property=\"og:url\" content=\"https:\/\/distracted-northcutt.31-24-154-105.plesk.page\/fr\/projets-precedents\/\" \/>\n<meta property=\"og:site_name\" content=\"Transpirenaica\" \/>\n<meta property=\"article:modified_time\" content=\"2026-04-15T12:34:34+00:00\" \/>\n<meta name=\"twitter:card\" content=\"summary_large_image\" \/>\n<meta name=\"twitter:label1\" content=\"Dur\u00e9e de lecture estim\u00e9e\" \/>\n\t<meta name=\"twitter:data1\" content=\"9 minutes\" \/>\n<script type=\"application\/ld+json\" class=\"yoast-schema-graph\">{\"@context\":\"https:\\\/\\\/schema.org\",\"@graph\":[{\"@type\":\"WebPage\",\"@id\":\"https:\\\/\\\/distracted-northcutt.31-24-154-105.plesk.page\\\/fr\\\/projets-precedents\\\/\",\"url\":\"https:\\\/\\\/distracted-northcutt.31-24-154-105.plesk.page\\\/fr\\\/projets-precedents\\\/\",\"name\":\"Projets pr\u00e9c\u00e9dents - Transpirenaica\",\"isPartOf\":{\"@id\":\"https:\\\/\\\/distracted-northcutt.31-24-154-105.plesk.page\\\/fr\\\/#website\"},\"datePublished\":\"2025-12-30T11:38:22+00:00\",\"dateModified\":\"2026-04-15T12:34:34+00:00\",\"breadcrumb\":{\"@id\":\"https:\\\/\\\/distracted-northcutt.31-24-154-105.plesk.page\\\/fr\\\/projets-precedents\\\/#breadcrumb\"},\"inLanguage\":\"fr-FR\",\"potentialAction\":[{\"@type\":\"ReadAction\",\"target\":[\"https:\\\/\\\/distracted-northcutt.31-24-154-105.plesk.page\\\/fr\\\/projets-precedents\\\/\"]}]},{\"@type\":\"BreadcrumbList\",\"@id\":\"https:\\\/\\\/distracted-northcutt.31-24-154-105.plesk.page\\\/fr\\\/projets-precedents\\\/#breadcrumb\",\"itemListElement\":[{\"@type\":\"ListItem\",\"position\":1,\"name\":\"Portada\",\"item\":\"https:\\\/\\\/distracted-northcutt.31-24-154-105.plesk.page\\\/fr\\\/\"},{\"@type\":\"ListItem\",\"position\":2,\"name\":\"Projets pr\u00e9c\u00e9dents\"}]},{\"@type\":\"WebSite\",\"@id\":\"https:\\\/\\\/distracted-northcutt.31-24-154-105.plesk.page\\\/fr\\\/#website\",\"url\":\"https:\\\/\\\/distracted-northcutt.31-24-154-105.plesk.page\\\/fr\\\/\",\"name\":\"Transpirenaica\",\"description\":\"Cooperaci\u00f3n y desarrollo sostenible  en Arag\u00f3n\",\"potentialAction\":[{\"@type\":\"SearchAction\",\"target\":{\"@type\":\"EntryPoint\",\"urlTemplate\":\"https:\\\/\\\/distracted-northcutt.31-24-154-105.plesk.page\\\/fr\\\/?s={search_term_string}\"},\"query-input\":{\"@type\":\"PropertyValueSpecification\",\"valueRequired\":true,\"valueName\":\"search_term_string\"}}],\"inLanguage\":\"fr-FR\"}]}<\/script>\n<!-- \/ Yoast SEO plugin. -->","yoast_head_json":{"title":"Projets pr\u00e9c\u00e9dents - Transpirenaica","robots":{"index":"noindex","follow":"follow","max-snippet":"max-snippet:-1","max-image-preview":"max-image-preview:large","max-video-preview":"max-video-preview:-1"},"og_locale":"fr_FR","og_type":"article","og_title":"Projets pr\u00e9c\u00e9dents - Transpirenaica","og_description":"Projets pr\u00e9c\u00e9dentsFinancement europ\u00e9en au titre du Fonds europ\u00e9en de d\u00e9veloppement r\u00e9gional (FEDER)Programme op\u00e9rationnel de coop\u00e9ration territoriale de l'espace sud-ouest europ\u00e9en (SUDOE) INTERREG IV B SUDOE [&hellip;]","og_url":"https:\/\/distracted-northcutt.31-24-154-105.plesk.page\/fr\/projets-precedents\/","og_site_name":"Transpirenaica","article_modified_time":"2026-04-15T12:34:34+00:00","twitter_card":"summary_large_image","twitter_misc":{"Dur\u00e9e de lecture estim\u00e9e":"9 minutes"},"schema":{"@context":"https:\/\/schema.org","@graph":[{"@type":"WebPage","@id":"https:\/\/distracted-northcutt.31-24-154-105.plesk.page\/fr\/projets-precedents\/","url":"https:\/\/distracted-northcutt.31-24-154-105.plesk.page\/fr\/projets-precedents\/","name":"Projets pr\u00e9c\u00e9dents - Transpirenaica","isPartOf":{"@id":"https:\/\/distracted-northcutt.31-24-154-105.plesk.page\/fr\/#website"},"datePublished":"2025-12-30T11:38:22+00:00","dateModified":"2026-04-15T12:34:34+00:00","breadcrumb":{"@id":"https:\/\/distracted-northcutt.31-24-154-105.plesk.page\/fr\/projets-precedents\/#breadcrumb"},"inLanguage":"fr-FR","potentialAction":[{"@type":"ReadAction","target":["https:\/\/distracted-northcutt.31-24-154-105.plesk.page\/fr\/projets-precedents\/"]}]},{"@type":"BreadcrumbList","@id":"https:\/\/distracted-northcutt.31-24-154-105.plesk.page\/fr\/projets-precedents\/#breadcrumb","itemListElement":[{"@type":"ListItem","position":1,"name":"Portada","item":"https:\/\/distracted-northcutt.31-24-154-105.plesk.page\/fr\/"},{"@type":"ListItem","position":2,"name":"Projets pr\u00e9c\u00e9dents"}]},{"@type":"WebSite","@id":"https:\/\/distracted-northcutt.31-24-154-105.plesk.page\/fr\/#website","url":"https:\/\/distracted-northcutt.31-24-154-105.plesk.page\/fr\/","name":"Transpirenaica","description":"Cooperaci\u00f3n y desarrollo sostenible  en Arag\u00f3n","potentialAction":[{"@type":"SearchAction","target":{"@type":"EntryPoint","urlTemplate":"https:\/\/distracted-northcutt.31-24-154-105.plesk.page\/fr\/?s={search_term_string}"},"query-input":{"@type":"PropertyValueSpecification","valueRequired":true,"valueName":"search_term_string"}}],"inLanguage":"fr-FR"}]}},"_links":{"self":[{"href":"https:\/\/distracted-northcutt.31-24-154-105.plesk.page\/fr\/wp-json\/wp\/v2\/pages\/231214","targetHints":{"allow":["GET"]}}],"collection":[{"href":"https:\/\/distracted-northcutt.31-24-154-105.plesk.page\/fr\/wp-json\/wp\/v2\/pages"}],"about":[{"href":"https:\/\/distracted-northcutt.31-24-154-105.plesk.page\/fr\/wp-json\/wp\/v2\/types\/page"}],"author":[{"embeddable":true,"href":"https:\/\/distracted-northcutt.31-24-154-105.plesk.page\/fr\/wp-json\/wp\/v2\/users\/2"}],"replies":[{"embeddable":true,"href":"https:\/\/distracted-northcutt.31-24-154-105.plesk.page\/fr\/wp-json\/wp\/v2\/comments?post=231214"}],"version-history":[{"count":4,"href":"https:\/\/distracted-northcutt.31-24-154-105.plesk.page\/fr\/wp-json\/wp\/v2\/pages\/231214\/revisions"}],"predecessor-version":[{"id":231229,"href":"https:\/\/distracted-northcutt.31-24-154-105.plesk.page\/fr\/wp-json\/wp\/v2\/pages\/231214\/revisions\/231229"}],"wp:attachment":[{"href":"https:\/\/distracted-northcutt.31-24-154-105.plesk.page\/fr\/wp-json\/wp\/v2\/media?parent=231214"}],"curies":[{"name":"wp","href":"https:\/\/api.w.org\/{rel}","templated":true}]}}