{"id":231073,"date":"2025-12-30T11:37:06","date_gmt":"2025-12-30T11:37:06","guid":{"rendered":"https:\/\/priceless-carson.188-95-114-7.plesk.page\/projets-en-cours\/"},"modified":"2026-04-15T12:33:27","modified_gmt":"2026-04-15T12:33:27","slug":"projets-en-cours","status":"publish","type":"page","link":"https:\/\/distracted-northcutt.31-24-154-105.plesk.page\/fr\/projets-en-cours\/","title":{"rendered":"Projets en cours"},"content":{"rendered":"<p>[et_pb_section fb_built=\u00a0\u00bb1&Prime; custom_padding_last_edited=\u00a0\u00bbon|phone\u00a0\u00bb _builder_version=\u00a0\u00bb4.27.4&Prime; background_enable_color=\u00a0\u00bboff\u00a0\u00bb use_background_color_gradient=\u00a0\u00bbon\u00a0\u00bb background_color_gradient_direction=\u00a0\u00bb169deg\u00a0\u00bb background_color_gradient_stops=\u00a0\u00bb#000000 0%|rgba(0, 0, 0, 0.67) 0%|rgba(0, 0, 0, 0.58) 80%|rgba(0, 0, 0, 0.65) 100%\u00a0\u00bb background_color_gradient_overlays_image=\u00a0\u00bbon\u00a0\u00bb background_image=\u00a0\u00bbhttps:\/\/distracted-northcutt.31-24-154-105.plesk.page\/wp-content\/uploads\/2026\/01\/proyectos-europeos-1.jpg\u00a0\u00bb custom_padding=\u00a0\u00bb120px||120px||true|false\u00a0\u00bb custom_padding_tablet=\u00a0\u00bb\u00a0\u00bb custom_padding_phone=\u00a0\u00bb150px||80px||false|false\u00a0\u00bb locked=\u00a0\u00bboff\u00a0\u00bb global_colors_info=\u00a0\u00bb{}\u00a0\u00bb][et_pb_row use_custom_gutter=\u00a0\u00bbon\u00a0\u00bb gutter_width=\u00a0\u00bb2&Prime; make_equal=\u00a0\u00bbon\u00a0\u00bb _builder_version=\u00a0\u00bb4.27.4&Prime; width_tablet=\u00a0\u00bb90%\u00a0\u00bb width_phone=\u00a0\u00bb90%\u00a0\u00bb width_last_edited=\u00a0\u00bboff|desktop\u00a0\u00bb max_width_tablet=\u00a0\u00bb90%\u00a0\u00bb max_width_phone=\u00a0\u00bb90%\u00a0\u00bb max_width_last_edited=\u00a0\u00bboff|desktop\u00a0\u00bb module_alignment=\u00a0\u00bbcenter\u00a0\u00bb custom_margin=\u00a0\u00bb|auto||auto|false|false\u00a0\u00bb custom_padding=\u00a0\u00bb||||false|false\u00a0\u00bb global_colors_info=\u00a0\u00bb{}\u00a0\u00bb][et_pb_column type=\u00a0\u00bb4_4&Prime; _builder_version=\u00a0\u00bb4.16&Prime; global_colors_info=\u00a0\u00bb{}\u00a0\u00bb][et_pb_text _builder_version=\u00a0\u00bb4.27.4&Prime; _module_preset=\u00a0\u00bbdefault\u00a0\u00bb header_font=\u00a0\u00bb&#8211;et_global_heading_font|800||on|||||\u00a0\u00bb header_text_align=\u00a0\u00bbcenter\u00a0\u00bb header_text_color=\u00a0\u00bb#FFFFFF\u00a0\u00bb header_font_size=\u00a0\u00bb44px\u00a0\u00bb header_line_height=\u00a0\u00bb1.3em\u00a0\u00bb global_colors_info=\u00a0\u00bb{}\u00a0\u00bb]<\/p>\n<h1>Projets en cours<\/h1>\n<p>[\/et_pb_text][\/et_pb_column][\/et_pb_row][\/et_pb_section][et_pb_section fb_built=\u00a0\u00bb1&Prime; _builder_version=\u00a0\u00bb4.27.4&Prime; _module_preset=\u00a0\u00bbdefault\u00a0\u00bb custom_padding=\u00a0\u00bb24px||28px|||\u00a0\u00bb global_colors_info=\u00a0\u00bb{}\u00a0\u00bb][et_pb_row _builder_version=\u00a0\u00bb4.27.4&Prime; _module_preset=\u00a0\u00bbdefault\u00a0\u00bb global_colors_info=\u00a0\u00bb{}\u00a0\u00bb][et_pb_column type=\u00a0\u00bb4_4&Prime; _builder_version=\u00a0\u00bb4.27.4&Prime; _module_preset=\u00a0\u00bbdefault\u00a0\u00bb global_colors_info=\u00a0\u00bb{}\u00a0\u00bb][et_pb_text _builder_version=\u00a0\u00bb4.27.4&Prime; _module_preset=\u00a0\u00bbdefault\u00a0\u00bb header_2_text_color=\u00a0\u00bb#000000&Prime; header_2_line_height=\u00a0\u00bb1.3em\u00a0\u00bb global_colors_info=\u00a0\u00bb{}\u00a0\u00bb]<\/p>\n<h2>Financement europ\u00e9en au titre de la Facilit\u00e9 pour l&rsquo;interconnexion en Europe (CEF)<\/h2>\n<p>[\/et_pb_text][et_pb_toggle title=\u00a0\u00bbM\u00c9CANISME &quot;CONNECTING EUROPE 2022&Prime; open_toggle_text_color=\u00a0\u00bb#000000&Prime; icon_color=\u00a0\u00bb#01377d\u00a0\u00bb _builder_version=\u00a0\u00bb4.27.4&Prime; _module_preset=\u00a0\u00bbdefault\u00a0\u00bb title_text_color=\u00a0\u00bb#000000&Prime; title_level=\u00a0\u00bbh2&Prime; title_font_size=\u00a0\u00bb17px\u00a0\u00bb title_line_height=\u00a0\u00bb1.2em\u00a0\u00bb body_text_align=\u00a0\u00bbjustify\u00a0\u00bb text_orientation=\u00a0\u00bbjustified\u00a0\u00bb custom_margin=\u00a0\u00bb||15px|||\u00a0\u00bb hover_enabled=\u00a0\u00bb0&Prime; global_colors_info=\u00a0\u00bb{}\u00a0\u00bb sticky_enabled=\u00a0\u00bb0&Prime;]Dans le cadre de l&rsquo;appel 2022 du Connecting Europe Facility (CEF), la Commission europ\u00e9enne a sign\u00e9 la convention de subvention pour le projet \u00ab\u00a0Surmonter les cha\u00eenons manquants entre la France et l&rsquo;Espagne : Pau-Canfranc-Zaragoza\u00a0\u00bb.<\/p>\n<h3>Objectif principal :<\/h3>\n<ul>\n<li>des \u00e9tudes avanc\u00e9es pour pr\u00e9parer les travaux sur le tron\u00e7on Bedous-Canfranc-Zaragoza ;<\/li>\n<li>les \u00e9tudes n\u00e9cessaires \u00e0 la r\u00e9ouverture de la ligne ferroviaire ;<\/li>\n<li>\u00e9tudes pour la d\u00e9claration d&rsquo;utilit\u00e9 publique en France ;<\/li>\n<li>\u00e9tudes concernant le tunnel du Somport ;<\/li>\n<li>les \u00e9tudes concernant l&rsquo;acc\u00e8s \u00e0 la plate-forme logistique PLAZA et le remodelage du r\u00e9seau ferroviaire de Saragosse.<\/li>\n<\/ul>\n<h3>Donn\u00e9es du projet<\/h3>\n<ul>\n<li>Date de d\u00e9but \/ fin : 01\/02\/2023 &#8211; 30\/04\/2026.<\/li>\n<li>Co\u00fbt total : 17 901 998,00 \u20ac.<\/li>\n<li>Financement MCE : 8 900 999,00 \u20ac.<\/li>\n<\/ul>\n<h3>Partenaires<\/h3>\n<ul>\n<li>R\u00e9gion Nouvelle-Aquitaine, Coordinateur.<\/li>\n<li>Minist\u00e8re des transports, de la mobilit\u00e9 et de l&rsquo;urbanisme (MITMA), aujourd&rsquo;hui MTMS.<\/li>\n<li>Gouvernement d&rsquo;Aragon.<\/li>\n<li>Administrador de Infraestructuras Ferroviarias (ADIF).<\/li>\n<li>Minist\u00e8re de la Transition \u00c9cologique et de la Coh\u00e9sion des Territoires (MTECT)<\/li>\n<\/ul>\n<h3>Entit\u00e9s affili\u00e9es<\/h3>\n<ul>\n<li>Fondation Transpirenaica affili\u00e9e au gouvernement d&rsquo;Aragon.<\/li>\n<\/ul>\n<h3>Actions du projet<\/h3>\n<ul>\n<li><strong>WP1 :<\/strong> Gestion du projet<\/li>\n<li><strong>WP2 :<\/strong> Communication et diffusion du projet<\/li>\n<li><strong>WP3 :<\/strong> \u00c9tudes n\u00e9cessaires \u00e0 la d\u00e9claration d&rsquo;utilit\u00e9 publique en France<\/li>\n<li><strong>WP4 :<\/strong> \u00c9tudes fonctionnelles pour remodeler le r\u00e9seau ferroviaire local \u00e0 Saragosse afin de se pr\u00e9parer au nouveau trafic ferroviaire g\u00e9n\u00e9r\u00e9 par le projet global.<\/li>\n<li><strong>WP5 :<\/strong> R\u00e9daction de la conception d\u00e9taill\u00e9e des installations de signalisation et de communication (CMS du tunnel ferroviaire du Somport).<\/li>\n<li><strong>WP6 :<\/strong> R\u00e9daction du projet de construction pour l&rsquo;acc\u00e8s \u00e0 la plateforme logistique PLAZA.<\/li>\n<\/ul>\n<h3>Actualit\u00e9s<\/h3>\n<ul>\n<li><a href=\"\/wp-content\/uploads\/2025\/12\/01_220324-03_MITMA.pdf\">24-03-2022 : Nouvel \u00e9lan pour la r\u00e9ouverture de Canfranc en tant qu&rsquo;axe transpyr\u00e9n\u00e9en pour le transport de marchandises et la logistique.<\/a><\/li>\n<li><a href=\"\/wp-content\/uploads\/2025\/12\/02_Nota-de-prensa_22_06_23_GA.pdf\">22-06-2023 : L&rsquo;Europe consacre 9,1 millions d&rsquo;euros \u00e0 la r\u00e9ouverture de la ligne internationale du Canfranc.<\/a><\/li>\n<li><a href=\"\/wp-content\/uploads\/2025\/12\/03_CP-SoutienEurope-PauCanfranc-22062023.pdf\">22-06-2023 : Pau &#8211; Canfranc &#8211; Saragosse : 9,1 millions d&rsquo;euros de l&rsquo;Europe !<\/a><\/li>\n<li><a href=\"\/wp-content\/uploads\/2025\/12\/04_240423-NP-Adjudicacion-Estudio-funcional-RAF-Zaragoza.pdf\">23-04-2024 : Transport attribue pour 732.000 euros l&rsquo;\u00e9tude fonctionnelle pour remodeler le r\u00e9seau ferroviaire de Saragosse en vue de l&rsquo;augmentation future du trafic.<\/a><\/li>\n<li><a href=\"\/wp-content\/uploads\/2025\/12\/05_240511_np_lic_ep_mercancias_pau-canfranc-cm.pdf\">11-05-2024 : Transport lance un appel d&rsquo;offres pour 511.700 euros pour l&rsquo;\u00e9tude de la connexion ferroviaire directe entre le tron\u00e7on Pau-Canfranc et le corridor m\u00e9diterran\u00e9en.<\/a><\/li>\n<li><a href=\"\/wp-content\/uploads\/2025\/12\/06_240611_np_form_estudio_funcional_raf_zaragoza.pdf\">11-06-2024 : Transport formalise pour 731.808 euros l&rsquo;\u00e9laboration de l&rsquo;\u00e9tude pour le remodelage du r\u00e9seau ferroviaire autour de Saragosse.<\/a><\/li>\n<li><a href=\"\/wp-content\/uploads\/2025\/12\/07_240905_np_adj_estudios_preliminares_pau-canfranc.pdf\">5-09-2024 : Transport attribue l&rsquo;\u00e9tude d&rsquo;un itin\u00e9raire ferroviaire entre la section Pau Canfranc et le couloir m\u00e9diterran\u00e9en.<\/a><\/li>\n<li><a href=\"\/wp-content\/uploads\/2025\/12\/08_ADIF_julio2025.pdf\">28-07-2025 : Adif attribue un contrat de 2,8 millions d&rsquo;euros pour l&rsquo;\u00e9laboration du projet de raccordement \u00e0 l&rsquo;\u00e9cartement standard de la plate-forme logistique Zaragoza Plaza.<\/a><\/li>\n<li><a href=\"\/wp-content\/uploads\/2025\/12\/09_ADIF_julio2025_tunel.pdf\">11-07-2025 : Adif attribue la r\u00e9daction du projet de r\u00e9novation du tunnel du Somport en vue de la r\u00e9ouverture du trafic international.<\/a><\/li>\n<li><a href=\"\/wp-content\/uploads\/2025\/12\/10_cp_sncfr-gc_lancement_de_la_concertation_mecdu_pau-canfranc_131125.pdf\">18-11-2025 : Lancement de la concertation relative \u00e0 la mise en compatibilit\u00e9 des documents d&rsquo;urbanisme (MECDU) : Projet de r\u00e9ouverture de la ligne ferroviaire Pau-Canfranc.<\/a><\/li>\n<li><a href=\"\/wp-content\/uploads\/2025\/12\/11_La-Comision-Europea-apoya-la-reapertura-del-tren-Pau-Canfranc-para-aliviar-el-trafico-de-carretera-en-zonas-fragiles.pdf\">04-12-2025 : La Commission europ\u00e9enne soutient la r\u00e9ouverture du train Pau-Canfranc pour \u00ab\u00a0all\u00e9ger le trafic routier dans les zones fragiles\u00a0\u00bb.<\/a><\/li>\n<li><a href=\"\/wp-content\/uploads\/2025\/12\/12_Transcanfranc-triplica-el-numero-de-viajes-del-tren-de-mercancias-en-6-meses-de-funcionamiento.pdf\">04_12_2025 : Transcanfranc triple le nombre de trajets de trains de marchandises en 6 mois d&rsquo;exploitation.<\/a><\/li>\n<li><a href=\"\/wp-content\/uploads\/2025\/12\/13_La-Region-promet-_180-camions-en-moins-.pdf\">15-12-2025 : La R\u00e9gion promet \u00ab\u00a0180 camions en moins sur les routes\u00a0\u00bb gr\u00e2ce \u00e0 la r\u00e9ouverture de la ligne ferroviaire entre Pau et Canfranc<\/a><\/li>\n<\/ul>\n<h3>Bulletins d&rsquo;information<\/h3>\n<ul>\n<li><strong>Newsletter :<\/strong> 2\u00e8me semestre 2025<\/li>\n<\/ul>\n<h3>D\u00e9claration d&rsquo;utilit\u00e9 publique en France<\/h3>\n<p><a href=\"https:\/\/www.sncf-reseau.com\/fr\/travaux\/nouvelle-aquitaine\/projet-reouverture-ligne-transfrontaliere-pau-canfranc-section-francaise\" target=\"_blank\" rel=\"noopener\"><br \/>\nConsultez les informations officielles sur SNCF R\u00e9seau<br \/>\n<\/a>[\/et_pb_toggle][\/et_pb_column][\/et_pb_row][\/et_pb_section]<\/p>\n","protected":false},"excerpt":{"rendered":"<p>Projets en coursFinancement europ\u00e9en au titre de la Facilit\u00e9 pour l&rsquo;interconnexion en Europe (CEF)Dans le cadre de l&rsquo;appel 2022 du Connecting Europe Facility (CEF), la [&hellip;]<\/p>\n","protected":false},"author":2,"featured_media":0,"parent":0,"menu_order":0,"comment_status":"closed","ping_status":"closed","template":"","meta":{"_et_pb_use_builder":"on","_et_pb_old_content":"","_et_gb_content_width":"","footnotes":""},"class_list":["post-231073","page","type-page","status-publish","hentry"],"yoast_head":"<!-- This site is optimized with the Yoast SEO plugin v27.4 - https:\/\/yoast.com\/product\/yoast-seo-wordpress\/ -->\n<title>Projets en cours - Transpirenaica<\/title>\n<meta name=\"robots\" content=\"noindex, follow, max-snippet:-1, max-image-preview:large, max-video-preview:-1\" \/>\n<meta property=\"og:locale\" content=\"fr_FR\" \/>\n<meta property=\"og:type\" content=\"article\" \/>\n<meta property=\"og:title\" content=\"Projets en cours - Transpirenaica\" \/>\n<meta property=\"og:description\" content=\"Projets en coursFinancement europ\u00e9en au titre de la Facilit\u00e9 pour l&#039;interconnexion en Europe (CEF)Dans le cadre de l&#039;appel 2022 du Connecting Europe Facility (CEF), la [&hellip;]\" \/>\n<meta property=\"og:url\" content=\"https:\/\/distracted-northcutt.31-24-154-105.plesk.page\/fr\/projets-en-cours\/\" \/>\n<meta property=\"og:site_name\" content=\"Transpirenaica\" \/>\n<meta property=\"article:modified_time\" content=\"2026-04-15T12:33:27+00:00\" \/>\n<meta name=\"twitter:card\" content=\"summary_large_image\" \/>\n<meta name=\"twitter:label1\" content=\"Dur\u00e9e de lecture estim\u00e9e\" \/>\n\t<meta name=\"twitter:data1\" content=\"4 minutes\" \/>\n<script type=\"application\/ld+json\" class=\"yoast-schema-graph\">{\"@context\":\"https:\\\/\\\/schema.org\",\"@graph\":[{\"@type\":\"WebPage\",\"@id\":\"https:\\\/\\\/distracted-northcutt.31-24-154-105.plesk.page\\\/fr\\\/projets-en-cours\\\/\",\"url\":\"https:\\\/\\\/distracted-northcutt.31-24-154-105.plesk.page\\\/fr\\\/projets-en-cours\\\/\",\"name\":\"Projets en cours - Transpirenaica\",\"isPartOf\":{\"@id\":\"https:\\\/\\\/distracted-northcutt.31-24-154-105.plesk.page\\\/fr\\\/#website\"},\"datePublished\":\"2025-12-30T11:37:06+00:00\",\"dateModified\":\"2026-04-15T12:33:27+00:00\",\"breadcrumb\":{\"@id\":\"https:\\\/\\\/distracted-northcutt.31-24-154-105.plesk.page\\\/fr\\\/projets-en-cours\\\/#breadcrumb\"},\"inLanguage\":\"fr-FR\",\"potentialAction\":[{\"@type\":\"ReadAction\",\"target\":[\"https:\\\/\\\/distracted-northcutt.31-24-154-105.plesk.page\\\/fr\\\/projets-en-cours\\\/\"]}]},{\"@type\":\"BreadcrumbList\",\"@id\":\"https:\\\/\\\/distracted-northcutt.31-24-154-105.plesk.page\\\/fr\\\/projets-en-cours\\\/#breadcrumb\",\"itemListElement\":[{\"@type\":\"ListItem\",\"position\":1,\"name\":\"Portada\",\"item\":\"https:\\\/\\\/distracted-northcutt.31-24-154-105.plesk.page\\\/fr\\\/\"},{\"@type\":\"ListItem\",\"position\":2,\"name\":\"Projets en cours\"}]},{\"@type\":\"WebSite\",\"@id\":\"https:\\\/\\\/distracted-northcutt.31-24-154-105.plesk.page\\\/fr\\\/#website\",\"url\":\"https:\\\/\\\/distracted-northcutt.31-24-154-105.plesk.page\\\/fr\\\/\",\"name\":\"Transpirenaica\",\"description\":\"Cooperaci\u00f3n y desarrollo sostenible  en Arag\u00f3n\",\"potentialAction\":[{\"@type\":\"SearchAction\",\"target\":{\"@type\":\"EntryPoint\",\"urlTemplate\":\"https:\\\/\\\/distracted-northcutt.31-24-154-105.plesk.page\\\/fr\\\/?s={search_term_string}\"},\"query-input\":{\"@type\":\"PropertyValueSpecification\",\"valueRequired\":true,\"valueName\":\"search_term_string\"}}],\"inLanguage\":\"fr-FR\"}]}<\/script>\n<!-- \/ Yoast SEO plugin. -->","yoast_head_json":{"title":"Projets en cours - Transpirenaica","robots":{"index":"noindex","follow":"follow","max-snippet":"max-snippet:-1","max-image-preview":"max-image-preview:large","max-video-preview":"max-video-preview:-1"},"og_locale":"fr_FR","og_type":"article","og_title":"Projets en cours - Transpirenaica","og_description":"Projets en coursFinancement europ\u00e9en au titre de la Facilit\u00e9 pour l'interconnexion en Europe (CEF)Dans le cadre de l'appel 2022 du Connecting Europe Facility (CEF), la [&hellip;]","og_url":"https:\/\/distracted-northcutt.31-24-154-105.plesk.page\/fr\/projets-en-cours\/","og_site_name":"Transpirenaica","article_modified_time":"2026-04-15T12:33:27+00:00","twitter_card":"summary_large_image","twitter_misc":{"Dur\u00e9e de lecture estim\u00e9e":"4 minutes"},"schema":{"@context":"https:\/\/schema.org","@graph":[{"@type":"WebPage","@id":"https:\/\/distracted-northcutt.31-24-154-105.plesk.page\/fr\/projets-en-cours\/","url":"https:\/\/distracted-northcutt.31-24-154-105.plesk.page\/fr\/projets-en-cours\/","name":"Projets en cours - Transpirenaica","isPartOf":{"@id":"https:\/\/distracted-northcutt.31-24-154-105.plesk.page\/fr\/#website"},"datePublished":"2025-12-30T11:37:06+00:00","dateModified":"2026-04-15T12:33:27+00:00","breadcrumb":{"@id":"https:\/\/distracted-northcutt.31-24-154-105.plesk.page\/fr\/projets-en-cours\/#breadcrumb"},"inLanguage":"fr-FR","potentialAction":[{"@type":"ReadAction","target":["https:\/\/distracted-northcutt.31-24-154-105.plesk.page\/fr\/projets-en-cours\/"]}]},{"@type":"BreadcrumbList","@id":"https:\/\/distracted-northcutt.31-24-154-105.plesk.page\/fr\/projets-en-cours\/#breadcrumb","itemListElement":[{"@type":"ListItem","position":1,"name":"Portada","item":"https:\/\/distracted-northcutt.31-24-154-105.plesk.page\/fr\/"},{"@type":"ListItem","position":2,"name":"Projets en cours"}]},{"@type":"WebSite","@id":"https:\/\/distracted-northcutt.31-24-154-105.plesk.page\/fr\/#website","url":"https:\/\/distracted-northcutt.31-24-154-105.plesk.page\/fr\/","name":"Transpirenaica","description":"Cooperaci\u00f3n y desarrollo sostenible  en Arag\u00f3n","potentialAction":[{"@type":"SearchAction","target":{"@type":"EntryPoint","urlTemplate":"https:\/\/distracted-northcutt.31-24-154-105.plesk.page\/fr\/?s={search_term_string}"},"query-input":{"@type":"PropertyValueSpecification","valueRequired":true,"valueName":"search_term_string"}}],"inLanguage":"fr-FR"}]}},"_links":{"self":[{"href":"https:\/\/distracted-northcutt.31-24-154-105.plesk.page\/fr\/wp-json\/wp\/v2\/pages\/231073","targetHints":{"allow":["GET"]}}],"collection":[{"href":"https:\/\/distracted-northcutt.31-24-154-105.plesk.page\/fr\/wp-json\/wp\/v2\/pages"}],"about":[{"href":"https:\/\/distracted-northcutt.31-24-154-105.plesk.page\/fr\/wp-json\/wp\/v2\/types\/page"}],"author":[{"embeddable":true,"href":"https:\/\/distracted-northcutt.31-24-154-105.plesk.page\/fr\/wp-json\/wp\/v2\/users\/2"}],"replies":[{"embeddable":true,"href":"https:\/\/distracted-northcutt.31-24-154-105.plesk.page\/fr\/wp-json\/wp\/v2\/comments?post=231073"}],"version-history":[{"count":1,"href":"https:\/\/distracted-northcutt.31-24-154-105.plesk.page\/fr\/wp-json\/wp\/v2\/pages\/231073\/revisions"}],"predecessor-version":[{"id":231080,"href":"https:\/\/distracted-northcutt.31-24-154-105.plesk.page\/fr\/wp-json\/wp\/v2\/pages\/231073\/revisions\/231080"}],"wp:attachment":[{"href":"https:\/\/distracted-northcutt.31-24-154-105.plesk.page\/fr\/wp-json\/wp\/v2\/media?parent=231073"}],"curies":[{"name":"wp","href":"https:\/\/api.w.org\/{rel}","templated":true}]}}