{"id":231064,"date":"2026-03-03T13:17:52","date_gmt":"2026-03-03T13:17:52","guid":{"rendered":"https:\/\/priceless-carson.188-95-114-7.plesk.page\/politique-de-confidentialite\/"},"modified":"2026-04-15T12:33:25","modified_gmt":"2026-04-15T12:33:25","slug":"politique-de-confidentialite","status":"publish","type":"page","link":"https:\/\/distracted-northcutt.31-24-154-105.plesk.page\/fr\/politique-de-confidentialite\/","title":{"rendered":"Politique de confidentialit\u00e9"},"content":{"rendered":"<p>[et_pb_section fb_built=\u00a0\u00bb1&Prime; custom_padding_last_edited=\u00a0\u00bbon|phone\u00a0\u00bb _builder_version=\u00a0\u00bb4.27.4&Prime; background_enable_color=\u00a0\u00bboff\u00a0\u00bb use_background_color_gradient=\u00a0\u00bbon\u00a0\u00bb background_color_gradient_direction=\u00a0\u00bb169deg\u00a0\u00bb background_color_gradient_stops=\u00a0\u00bb#000000 0%|rgba(0, 0, 0, 0.67) 0%|rgba(0, 0, 0, 0.58) 80%|rgba(0, 0, 0, 0.65) 100%\u00a0\u00bb background_color_gradient_overlays_image=\u00a0\u00bbon\u00a0\u00bb background_image=\u00a0\u00bbhttps:\/\/distracted-northcutt.31-24-154-105.plesk.page\/wp-content\/uploads\/2026\/01\/contacto-transpirenaica-1.jpg\u00a0\u00bb custom_padding=\u00a0\u00bb120px||120px||true|false\u00a0\u00bb custom_padding_tablet=\u00a0\u00bb\u00a0\u00bb custom_padding_phone=\u00a0\u00bb150px||80px||false|false\u00a0\u00bb global_colors_info=\u00a0\u00bb{}\u00a0\u00bb][et_pb_row _builder_version=\u00a0\u00bb4.27.4&Prime; _module_preset=\u00a0\u00bbdefault\u00a0\u00bb global_colors_info=\u00a0\u00bb{}\u00a0\u00bb][et_pb_column type=\u00a0\u00bb4_4&Prime; _builder_version=\u00a0\u00bb4.27.4&Prime; _module_preset=\u00a0\u00bbdefault\u00a0\u00bb global_colors_info=\u00a0\u00bb{}\u00a0\u00bb][et_pb_text _builder_version=\u00a0\u00bb4.27.4&Prime; header_font=\u00a0\u00bbPoppins|800||on|||||\u00a0\u00bb header_text_align=\u00a0\u00bbcenter\u00a0\u00bb header_text_color=\u00a0\u00bb#ffffff\u00a0\u00bb header_font_size=\u00a0\u00bb70px\u00a0\u00bb header_line_height=\u00a0\u00bb1.2em\u00a0\u00bb custom_margin=\u00a0\u00bb||||false|false\u00a0\u00bb animation_direction=\u00a0\u00bbright\u00a0\u00bb hover_enabled=\u00a0\u00bb0&Prime; header_font_size_tablet=\u00a0\u00bb50px\u00a0\u00bb header_font_size_phone=\u00a0\u00bb35px\u00a0\u00bb header_font_size_last_edited=\u00a0\u00bbon|desktop\u00a0\u00bb global_colors_info=\u00a0\u00bb{}\u00a0\u00bb sticky_enabled=\u00a0\u00bb0&Prime;]<\/p>\n<h1>POLITIQUE DE CONFIDENTIALIT\u00c9<\/h1>\n<p>[\/et_pb_text][\/et_pb_column][\/et_pb_row][\/et_pb_section][et_pb_section fb_built=\u00a0\u00bb1&Prime; _builder_version=\u00a0\u00bb4.27.4&Prime; background_color=\u00a0\u00bb#FFFFFF\u00a0\u00bb custom_padding=\u00a0\u00bb3px||47px||false|false\u00a0\u00bb locked=\u00a0\u00bboff\u00a0\u00bb global_colors_info=\u00a0\u00bb{}\u00a0\u00bb][et_pb_row use_custom_gutter=\u00a0\u00bbon\u00a0\u00bb gutter_width=\u00a0\u00bb2&Prime; make_equal=\u00a0\u00bbon\u00a0\u00bb _builder_version=\u00a0\u00bb4.16&Prime; width=\u00a0\u00bb94%\u00a0\u00bb width_tablet=\u00a0\u00bb90%\u00a0\u00bb width_phone=\u00a0\u00bb90%\u00a0\u00bb width_last_edited=\u00a0\u00bbon|desktop\u00a0\u00bb max_width=\u00a0\u00bb1300px\u00a0\u00bb max_width_tablet=\u00a0\u00bb90%\u00a0\u00bb max_width_phone=\u00a0\u00bb90%\u00a0\u00bb max_width_last_edited=\u00a0\u00bbon|phone\u00a0\u00bb custom_margin=\u00a0\u00bb30px|auto|24px|auto||\u00a0\u00bb custom_padding=\u00a0\u00bb6px||5px||false|false\u00a0\u00bb global_colors_info=\u00a0\u00bb{}\u00a0\u00bb][et_pb_column type=\u00a0\u00bb4_4&Prime; _builder_version=\u00a0\u00bb4.16&Prime; global_colors_info=\u00a0\u00bb{}\u00a0\u00bb][et_pb_text _builder_version=\u00a0\u00bb4.27.4&Prime; header_2_font=\u00a0\u00bbPoppins|600|||||||\u00a0\u00bb header_2_text_align=\u00a0\u00bbcenter\u00a0\u00bb header_2_text_color=\u00a0\u00bb#0b2154&Prime; header_2_font_size=\u00a0\u00bb45px\u00a0\u00bb header_2_letter_spacing=\u00a0\u00bb-1px\u00a0\u00bb header_2_line_height=\u00a0\u00bb1.2em\u00a0\u00bb custom_margin=\u00a0\u00bb8px||||false|false\u00a0\u00bb hover_enabled=\u00a0\u00bb0&Prime; header_2_font_size_tablet=\u00a0\u00bb\u00a0\u00bb header_2_font_size_phone=\u00a0\u00bb25px\u00a0\u00bb header_2_font_size_last_edited=\u00a0\u00bbon|phone\u00a0\u00bb global_colors_info=\u00a0\u00bb{}\u00a0\u00bb sticky_enabled=\u00a0\u00bb0&Prime;]<\/p>\n<p>FUNDACION TRANSPIRENAICA, en application de la l\u00e9gislation en vigueur sur la protection des donn\u00e9es personnelles, vous informe que les donn\u00e9es personnelles collect\u00e9es \u00e0 travers les formulaires du site web : www.transpirenaica.org, sont incluses dans les fichiers automatis\u00e9s sp\u00e9cifiques des utilisateurs des services de la fondation.<\/p>\n<p>La collecte et le traitement automatis\u00e9 des donn\u00e9es \u00e0 caract\u00e8re personnel ont pour but d&rsquo;entretenir la relation commerciale et de mener \u00e0 bien les activit\u00e9s d&rsquo;information, de formation, de conseil et autres de la fondation.<\/p>\n<p>Ces donn\u00e9es ne seront transf\u00e9r\u00e9es qu&rsquo;aux entit\u00e9s n\u00e9cessaires dans le seul but de respecter l&rsquo;objectif susmentionn\u00e9.<\/p>\n<p>FUNDACION TRANSPIRENAICA adopte les mesures n\u00e9cessaires pour garantir la s\u00e9curit\u00e9, l&rsquo;int\u00e9grit\u00e9 et la confidentialit\u00e9 des donn\u00e9es conform\u00e9ment aux dispositions du R\u00e8glement (UE) 2016\/679 du Parlement europ\u00e9en et du Conseil du 27 avril 2016 relatif \u00e0 la protection des personnes physiques \u00e0 l&rsquo;\u00e9gard du traitement des donn\u00e9es \u00e0 caract\u00e8re personnel et \u00e0 la libre circulation de ces donn\u00e9es.<\/p>\n<p>L&rsquo;utilisateur peut \u00e0 tout moment exercer les droits d&rsquo;acc\u00e8s, d&rsquo;opposition, de rectification et d&rsquo;annulation reconnus dans le r\u00e8glement (UE) susmentionn\u00e9. Ces droits peuvent \u00eatre exerc\u00e9s par l&rsquo;utilisateur en envoyant un courrier \u00e9lectronique \u00e0 : secretaria@transpirenaica.org ou \u00e0 l&rsquo;adresse : Edificio Pignatelli, Paseo M.\u00aa Agust\u00edn, 36 &#8211; 50004 Zaragoza.<\/p>\n<p>L&rsquo;utilisateur d\u00e9clare que toutes les donn\u00e9es qu&rsquo;il a fournies sont vraies et correctes et s&rsquo;engage \u00e0 les tenir \u00e0 jour, en communiquant tout changement \u00e0 l&rsquo;adresse indiqu\u00e9e.<\/p>\n<h2>Objectif du traitement des donn\u00e9es personnelles :<\/h2>\n<h3>\u00c0 quelles fins traitons-nous vos donn\u00e9es personnelles ?<\/h3>\n<p>La FUNDACION TRANSPIRENAICA traitera vos donn\u00e9es personnelles collect\u00e9es par le biais du site web : www.transpirenaica.org, aux fins suivantes :<\/p>\n<ol>\n<li>En cas d&rsquo;achat de biens et de services offerts par la FUNDACION TRANSPIRENAICA, pour maintenir la relation contractuelle, ainsi que pour la gestion, l&rsquo;administration, l&rsquo;information, la fourniture et l&rsquo;am\u00e9lioration du service.<\/li>\n<li>Envoi des informations demand\u00e9es au moyen des formulaires disponibles sur le site www.transpirenaica.org.<\/li>\n<li>Pour envoyer des bulletins d&rsquo;information, ainsi que des communications commerciales de promotion et\/ou de publicit\u00e9 de FUNDACION TRANSPIRENAICA et du secteur.<\/li>\n<\/ol>\n<p>Nous vous rappelons que vous pouvez vous opposer \u00e0 l&rsquo;envoi de communications commerciales par tout moyen et \u00e0 tout moment en envoyant un e-mail \u00e0 l&rsquo;adresse indiqu\u00e9e ci-dessus.<\/p>\n<p>Les champs de ces registres doivent \u00eatre remplis et il est impossible de r\u00e9aliser les objectifs exprim\u00e9s si ces donn\u00e9es ne sont pas fournies.<\/p>\n<h3>Combien de temps les donn\u00e9es personnelles collect\u00e9es seront-elles conserv\u00e9es ?<\/h3>\n<p>Les donn\u00e9es personnelles fournies seront conserv\u00e9es aussi longtemps que la relation commerciale sera maintenue ou que vous ne demanderez pas leur suppression, ainsi que pendant la p\u00e9riode au cours de laquelle des responsabilit\u00e9s l\u00e9gales peuvent d\u00e9couler des services fournis.<\/p>\n<h2>L\u00e9gitimation :<\/h2>\n<p>Le traitement de vos donn\u00e9es est effectu\u00e9 sur les bases l\u00e9gales suivantes qui le l\u00e9gitiment :<\/p>\n<ol>\n<li>La demande d&rsquo;information et\/ou l&rsquo;engagement des services de la FUNDACION TRANSPIRENAICA, dont les termes et conditions seront mis \u00e0 votre disposition dans tous les cas avant tout engagement \u00e9ventuel.<\/li>\n<li>Consentement libre, sp\u00e9cifique, \u00e9clair\u00e9 et sans \u00e9quivoque, dans la mesure o\u00f9 nous vous informons en mettant \u00e0 votre disposition la pr\u00e9sente politique de protection de la vie priv\u00e9e, que vous pouvez accepter, apr\u00e8s l&rsquo;avoir lue, au moyen d&rsquo;une d\u00e9claration ou d&rsquo;une action affirmative claire, par exemple en cochant une case pr\u00e9vue \u00e0 cet effet.<\/li>\n<\/ol>\n<p>Si vous ne nous fournissez pas vos donn\u00e9es, ou si vous les fournissez de mani\u00e8re incorrecte ou incompl\u00e8te, nous ne pourrons pas traiter votre demande, ce qui nous emp\u00eachera de vous fournir les informations demand\u00e9es ou d&rsquo;ex\u00e9cuter le contrat de services.<\/p>\n<h2>Groupe cible :<\/h2>\n<p>Les donn\u00e9es ne seront pas communiqu\u00e9es \u00e0 des tiers ext\u00e9rieurs \u00e0 la FONDATION TRANSPIRENAICA, sauf obligation l\u00e9gale.<\/p>\n<p>En tant que responsables du traitement des donn\u00e9es, nous avons fait appel aux prestataires de services suivants, qui se sont engag\u00e9s \u00e0 respecter les r\u00e9glementations applicables en mati\u00e8re de protection des donn\u00e9es au moment de la conclusion du contrat :<\/p>\n<ul>\n<li>(EN CHARGE) _company in charge of the softeare_____________________________________________________, with address at ___________________________________________, NIF\/CIF n\u00ba ________________________, provides services of ________________________________________ .<br \/>Vous pouvez consulter la politique de confidentialit\u00e9 et les autres aspects juridiques de l&rsquo;entreprise sur le lien suivant : ____________________________________________<\/li>\n<li>(GESTIONNAIRE) ____________________________________________, dont l&rsquo;adresse est ____________________________________________, num\u00e9ro d&rsquo;identification fiscale _________________________, fournit des services \u00e0 ___________________________________________ .<br \/>Vous pouvez consulter la politique de confidentialit\u00e9 et les autres aspects juridiques de l&rsquo;entreprise sur le lien suivant : ______________________________________________<\/li>\n<\/ul>\n<h2>Conservation des donn\u00e9es conform\u00e9ment \u00e0 la LSSI :<\/h2>\n<p>La FUNDACION TRANSPIRENAICA informe qu&rsquo;en tant que fournisseur de services d&rsquo;h\u00e9bergement de donn\u00e9es et en vertu des dispositions de la loi 34\/2002 du 11 juillet 2002 sur les services de la soci\u00e9t\u00e9 de l&rsquo;information et le commerce \u00e9lectronique (LSSI), elle conserve pendant une p\u00e9riode maximale de 12 mois les informations n\u00e9cessaires \u00e0 l&rsquo;identification de l&rsquo;origine des donn\u00e9es h\u00e9berg\u00e9es et de l&rsquo;heure \u00e0 laquelle le service a \u00e9t\u00e9 initi\u00e9. La conservation de ces donn\u00e9es ne porte pas atteinte au secret des communications et ne peut \u00eatre utilis\u00e9e que dans le cadre d&rsquo;une enqu\u00eate p\u00e9nale ou pour la sauvegarde de la s\u00e9curit\u00e9 publique, en \u00e9tant mise \u00e0 la disposition des juges et\/ou des tribunaux ou du minist\u00e8re qui en fait la demande. <\/p>\n<p>La communication des donn\u00e9es aux forces et corps de l&rsquo;\u00c9tat se fera conform\u00e9ment aux dispositions du r\u00e8glement sur la protection des donn\u00e9es \u00e0 caract\u00e8re personnel.<\/p>\n<h2>Droits de propri\u00e9t\u00e9 intellectuelle :<\/h2>\n<p>La FUNDACION TRANSPIRENAICA _ est titulaire de tous les droits d&rsquo;auteur, de propri\u00e9t\u00e9 intellectuelle et industrielle, de savoir-faire et de tout autre droit li\u00e9 au contenu du site web www.transpirenaica.org et aux services qui y sont propos\u00e9s, ainsi qu&rsquo;aux programmes n\u00e9cessaires \u00e0 sa mise en \u0153uvre et aux informations qui s&rsquo;y rapportent.<\/p>\n<p>La reproduction, la publication et\/ou l&rsquo;utilisation autre que strictement priv\u00e9e du contenu, en tout ou en partie, du site web www.transpirenaica.org n&rsquo;est pas autoris\u00e9e sans accord \u00e9crit pr\u00e9alable.<\/p>\n<h2>Propri\u00e9t\u00e9 intellectuelle des logiciels :<\/h2>\n<p>L&rsquo;utilisateur doit respecter les logiciels de tiers mis \u00e0 disposition par www.transpirenaica.org, m\u00eame s&rsquo;ils sont gratuits et\/ou accessibles au public.<\/p>\n<p>L&rsquo;utilisateur n&rsquo;acquiert aucun droit ou licence sur le service contract\u00e9, sur le logiciel n\u00e9cessaire \u00e0 la fourniture du service, ni sur les informations techniques permettant de contr\u00f4ler le service, \u00e0 l&rsquo;exception des droits et licences n\u00e9cessaires \u00e0 l&rsquo;ex\u00e9cution des services contract\u00e9s et uniquement pour la dur\u00e9e des services contract\u00e9s.<\/p>\n<h2>Propri\u00e9t\u00e9 intellectuelle du contenu h\u00e9berg\u00e9 :<\/h2>\n<p>L&rsquo;utilisation des services fournis par la FUNDACION TRANSPIRENAICA et, en particulier, des \u00e9l\u00e9ments suivants est interdite en violation de la l\u00e9gislation sur la propri\u00e9t\u00e9 intellectuelle :<\/p>\n<ul>\n<li>Utilisation contraire \u00e0 la loi espagnole ou portant atteinte aux droits de tiers.<\/li>\n<li>La publication ou la transmission de tout contenu qui, de l&rsquo;avis de la Fondation, est violent, obsc\u00e8ne, abusif, ill\u00e9gal, racial, x\u00e9nophobe ou diffamatoire.<\/li>\n<li>Les cracks, les num\u00e9ros de s\u00e9rie de logiciels ou tout autre contenu qui enfreint les droits de propri\u00e9t\u00e9 intellectuelle de tiers.<\/li>\n<li>La collecte et\/ou l&rsquo;utilisation de donn\u00e9es personnelles d&rsquo;autres utilisateurs sans leur consentement expr\u00e8s ou en contravention avec les dispositions du R\u00e8glement (UE) 2016\/679 du Parlement europ\u00e9en et du Conseil du 27 avril 2016 relatif \u00e0 la protection des personnes physiques \u00e0 l&rsquo;\u00e9gard du traitement des donn\u00e9es \u00e0 caract\u00e8re personnel et \u00e0 la libre circulation de ces donn\u00e9es.<\/li>\n<li>L&rsquo;utilisation du serveur de messagerie et des adresses \u00e9lectroniques du domaine pour l&rsquo;envoi de courriers \u00e9lectroniques en masse non sollicit\u00e9s.<\/li>\n<\/ul>\n<p>L&rsquo;utilisateur est enti\u00e8rement responsable du contenu de son site web, des informations transmises et stock\u00e9es, des liens hypertextes, des r\u00e9clamations de tiers et des actions en justice relatives \u00e0 la propri\u00e9t\u00e9 intellectuelle,<\/p>\n<h2>Droits des tiers et protection des mineurs :<\/h2>\n<p>L&rsquo;utilisateur est responsable du respect des lois et r\u00e8glements en vigueur et des r\u00e8gles concernant le fonctionnement du service en ligne, le commerce \u00e9lectronique, les droits d&rsquo;auteur, le maintien de l&rsquo;ordre public, ainsi que les principes universels d&rsquo;utilisation de l&rsquo;Internet.<\/p>\n<p>L&rsquo;utilisateur indemnisera le propri\u00e9taire du site web pour les co\u00fbts g\u00e9n\u00e9r\u00e9s par l&rsquo;imputation de l&rsquo;utilisation abusive du contenu dans tous les cas o\u00f9 l&rsquo;utilisateur est responsable, y compris les frais de justice et les d\u00e9penses, m\u00eame dans le cas d&rsquo;une d\u00e9cision de justice non d\u00e9finitive.<\/p>\n<h2>Protection des informations h\u00e9berg\u00e9es :<\/h2>\n<p>La FUNDACION TRANSPIRENAICA effectue des copies de sauvegarde des contenus h\u00e9berg\u00e9s sur ses serveurs, mais elle n&rsquo;est pas responsable de la perte ou de l&rsquo;effacement accidentel des donn\u00e9es par les utilisateurs. De m\u00eame, elle ne garantit pas le remplacement total des donn\u00e9es supprim\u00e9es par les utilisateurs, \u00e9tant donn\u00e9 que ces donn\u00e9es peuvent avoir \u00e9t\u00e9 supprim\u00e9es et\/ou modifi\u00e9es au cours de la p\u00e9riode \u00e9coul\u00e9e depuis la derni\u00e8re copie de sauvegarde. <\/p>\n<h2>Communications commerciales :<\/h2>\n<p>En application de la LSSI. FUNDACION TRANSPIRENAICA n&rsquo;enverra pas de communications publicitaires ou promotionnelles par courrier \u00e9lectronique ou tout autre moyen \u00e9quivalent de communication \u00e9lectronique qui n&rsquo;ont pas \u00e9t\u00e9 pr\u00e9alablement demand\u00e9es ou express\u00e9ment autoris\u00e9es par les destinataires de ces communications. <\/p>\n<p>Dans le cas d&rsquo;utilisateurs avec lesquels il existe une relation contractuelle ant\u00e9rieure, FUNDACION TRANSPIRENAICA est autoris\u00e9e \u00e0 envoyer des communications commerciales concernant des produits ou des services de ____________________________ similaires \u00e0 ceux qui ont \u00e9t\u00e9 initialement contract\u00e9s avec le client.<\/p>\n<p>Dans tous les cas, l&rsquo;utilisateur, apr\u00e8s avoir prouv\u00e9 son identit\u00e9, peut demander qu&rsquo;aucune autre information commerciale ne lui soit envoy\u00e9e par l&rsquo;interm\u00e9diaire des canaux du service client\u00e8le.<\/p>\n<p>[\/et_pb_text][\/et_pb_column][\/et_pb_row][\/et_pb_section]<\/p>\n","protected":false},"excerpt":{"rendered":"<p>POLITIQUE DE CONFIDENTIALIT\u00c9FUNDACION TRANSPIRENAICA, en application de la l\u00e9gislation en vigueur sur la protection des donn\u00e9es personnelles, vous informe que les donn\u00e9es personnelles collect\u00e9es \u00e0 [&hellip;]<\/p>\n","protected":false},"author":2,"featured_media":0,"parent":0,"menu_order":0,"comment_status":"closed","ping_status":"closed","template":"","meta":{"_et_pb_use_builder":"on","_et_pb_old_content":"","_et_gb_content_width":"","footnotes":""},"class_list":["post-231064","page","type-page","status-publish","hentry"],"yoast_head":"<!-- This site is optimized with the Yoast SEO plugin v27.4 - https:\/\/yoast.com\/product\/yoast-seo-wordpress\/ -->\n<title>Politique de confidentialit\u00e9 - Transpirenaica<\/title>\n<meta name=\"robots\" content=\"noindex, follow, max-snippet:-1, max-image-preview:large, max-video-preview:-1\" \/>\n<meta property=\"og:locale\" content=\"fr_FR\" \/>\n<meta property=\"og:type\" content=\"article\" \/>\n<meta property=\"og:title\" content=\"Politique de confidentialit\u00e9 - Transpirenaica\" \/>\n<meta property=\"og:description\" content=\"POLITIQUE DE CONFIDENTIALIT\u00c9FUNDACION TRANSPIRENAICA, en application de la l\u00e9gislation en vigueur sur la protection des donn\u00e9es personnelles, vous informe que les donn\u00e9es personnelles collect\u00e9es \u00e0 [&hellip;]\" \/>\n<meta property=\"og:url\" content=\"https:\/\/distracted-northcutt.31-24-154-105.plesk.page\/fr\/politique-de-confidentialite\/\" \/>\n<meta property=\"og:site_name\" content=\"Transpirenaica\" \/>\n<meta property=\"article:modified_time\" content=\"2026-04-15T12:33:25+00:00\" \/>\n<meta name=\"twitter:card\" content=\"summary_large_image\" \/>\n<meta name=\"twitter:label1\" content=\"Dur\u00e9e de lecture estim\u00e9e\" \/>\n\t<meta name=\"twitter:data1\" content=\"10 minutes\" \/>\n<script type=\"application\/ld+json\" class=\"yoast-schema-graph\">{\"@context\":\"https:\\\/\\\/schema.org\",\"@graph\":[{\"@type\":\"WebPage\",\"@id\":\"https:\\\/\\\/distracted-northcutt.31-24-154-105.plesk.page\\\/fr\\\/politique-de-confidentialite\\\/\",\"url\":\"https:\\\/\\\/distracted-northcutt.31-24-154-105.plesk.page\\\/fr\\\/politique-de-confidentialite\\\/\",\"name\":\"Politique de confidentialit\u00e9 - Transpirenaica\",\"isPartOf\":{\"@id\":\"https:\\\/\\\/distracted-northcutt.31-24-154-105.plesk.page\\\/fr\\\/#website\"},\"datePublished\":\"2026-03-03T13:17:52+00:00\",\"dateModified\":\"2026-04-15T12:33:25+00:00\",\"breadcrumb\":{\"@id\":\"https:\\\/\\\/distracted-northcutt.31-24-154-105.plesk.page\\\/fr\\\/politique-de-confidentialite\\\/#breadcrumb\"},\"inLanguage\":\"fr-FR\",\"potentialAction\":[{\"@type\":\"ReadAction\",\"target\":[\"https:\\\/\\\/distracted-northcutt.31-24-154-105.plesk.page\\\/fr\\\/politique-de-confidentialite\\\/\"]}]},{\"@type\":\"BreadcrumbList\",\"@id\":\"https:\\\/\\\/distracted-northcutt.31-24-154-105.plesk.page\\\/fr\\\/politique-de-confidentialite\\\/#breadcrumb\",\"itemListElement\":[{\"@type\":\"ListItem\",\"position\":1,\"name\":\"Portada\",\"item\":\"https:\\\/\\\/distracted-northcutt.31-24-154-105.plesk.page\\\/fr\\\/\"},{\"@type\":\"ListItem\",\"position\":2,\"name\":\"Politique de confidentialit\u00e9\"}]},{\"@type\":\"WebSite\",\"@id\":\"https:\\\/\\\/distracted-northcutt.31-24-154-105.plesk.page\\\/fr\\\/#website\",\"url\":\"https:\\\/\\\/distracted-northcutt.31-24-154-105.plesk.page\\\/fr\\\/\",\"name\":\"Transpirenaica\",\"description\":\"Cooperaci\u00f3n y desarrollo sostenible  en Arag\u00f3n\",\"potentialAction\":[{\"@type\":\"SearchAction\",\"target\":{\"@type\":\"EntryPoint\",\"urlTemplate\":\"https:\\\/\\\/distracted-northcutt.31-24-154-105.plesk.page\\\/fr\\\/?s={search_term_string}\"},\"query-input\":{\"@type\":\"PropertyValueSpecification\",\"valueRequired\":true,\"valueName\":\"search_term_string\"}}],\"inLanguage\":\"fr-FR\"}]}<\/script>\n<!-- \/ Yoast SEO plugin. -->","yoast_head_json":{"title":"Politique de confidentialit\u00e9 - Transpirenaica","robots":{"index":"noindex","follow":"follow","max-snippet":"max-snippet:-1","max-image-preview":"max-image-preview:large","max-video-preview":"max-video-preview:-1"},"og_locale":"fr_FR","og_type":"article","og_title":"Politique de confidentialit\u00e9 - Transpirenaica","og_description":"POLITIQUE DE CONFIDENTIALIT\u00c9FUNDACION TRANSPIRENAICA, en application de la l\u00e9gislation en vigueur sur la protection des donn\u00e9es personnelles, vous informe que les donn\u00e9es personnelles collect\u00e9es \u00e0 [&hellip;]","og_url":"https:\/\/distracted-northcutt.31-24-154-105.plesk.page\/fr\/politique-de-confidentialite\/","og_site_name":"Transpirenaica","article_modified_time":"2026-04-15T12:33:25+00:00","twitter_card":"summary_large_image","twitter_misc":{"Dur\u00e9e de lecture estim\u00e9e":"10 minutes"},"schema":{"@context":"https:\/\/schema.org","@graph":[{"@type":"WebPage","@id":"https:\/\/distracted-northcutt.31-24-154-105.plesk.page\/fr\/politique-de-confidentialite\/","url":"https:\/\/distracted-northcutt.31-24-154-105.plesk.page\/fr\/politique-de-confidentialite\/","name":"Politique de confidentialit\u00e9 - Transpirenaica","isPartOf":{"@id":"https:\/\/distracted-northcutt.31-24-154-105.plesk.page\/fr\/#website"},"datePublished":"2026-03-03T13:17:52+00:00","dateModified":"2026-04-15T12:33:25+00:00","breadcrumb":{"@id":"https:\/\/distracted-northcutt.31-24-154-105.plesk.page\/fr\/politique-de-confidentialite\/#breadcrumb"},"inLanguage":"fr-FR","potentialAction":[{"@type":"ReadAction","target":["https:\/\/distracted-northcutt.31-24-154-105.plesk.page\/fr\/politique-de-confidentialite\/"]}]},{"@type":"BreadcrumbList","@id":"https:\/\/distracted-northcutt.31-24-154-105.plesk.page\/fr\/politique-de-confidentialite\/#breadcrumb","itemListElement":[{"@type":"ListItem","position":1,"name":"Portada","item":"https:\/\/distracted-northcutt.31-24-154-105.plesk.page\/fr\/"},{"@type":"ListItem","position":2,"name":"Politique de confidentialit\u00e9"}]},{"@type":"WebSite","@id":"https:\/\/distracted-northcutt.31-24-154-105.plesk.page\/fr\/#website","url":"https:\/\/distracted-northcutt.31-24-154-105.plesk.page\/fr\/","name":"Transpirenaica","description":"Cooperaci\u00f3n y desarrollo sostenible  en Arag\u00f3n","potentialAction":[{"@type":"SearchAction","target":{"@type":"EntryPoint","urlTemplate":"https:\/\/distracted-northcutt.31-24-154-105.plesk.page\/fr\/?s={search_term_string}"},"query-input":{"@type":"PropertyValueSpecification","valueRequired":true,"valueName":"search_term_string"}}],"inLanguage":"fr-FR"}]}},"_links":{"self":[{"href":"https:\/\/distracted-northcutt.31-24-154-105.plesk.page\/fr\/wp-json\/wp\/v2\/pages\/231064","targetHints":{"allow":["GET"]}}],"collection":[{"href":"https:\/\/distracted-northcutt.31-24-154-105.plesk.page\/fr\/wp-json\/wp\/v2\/pages"}],"about":[{"href":"https:\/\/distracted-northcutt.31-24-154-105.plesk.page\/fr\/wp-json\/wp\/v2\/types\/page"}],"author":[{"embeddable":true,"href":"https:\/\/distracted-northcutt.31-24-154-105.plesk.page\/fr\/wp-json\/wp\/v2\/users\/2"}],"replies":[{"embeddable":true,"href":"https:\/\/distracted-northcutt.31-24-154-105.plesk.page\/fr\/wp-json\/wp\/v2\/comments?post=231064"}],"version-history":[{"count":1,"href":"https:\/\/distracted-northcutt.31-24-154-105.plesk.page\/fr\/wp-json\/wp\/v2\/pages\/231064\/revisions"}],"predecessor-version":[{"id":231066,"href":"https:\/\/distracted-northcutt.31-24-154-105.plesk.page\/fr\/wp-json\/wp\/v2\/pages\/231064\/revisions\/231066"}],"wp:attachment":[{"href":"https:\/\/distracted-northcutt.31-24-154-105.plesk.page\/fr\/wp-json\/wp\/v2\/media?parent=231064"}],"curies":[{"name":"wp","href":"https:\/\/api.w.org\/{rel}","templated":true}]}}