{"id":231012,"date":"2025-05-21T10:34:46","date_gmt":"2025-05-21T10:34:46","guid":{"rendered":"https:\/\/priceless-carson.188-95-114-7.plesk.page\/actualites\/"},"modified":"2026-04-15T12:33:03","modified_gmt":"2026-04-15T12:33:03","slug":"actualites","status":"publish","type":"page","link":"https:\/\/distracted-northcutt.31-24-154-105.plesk.page\/fr\/actualites\/","title":{"rendered":"Actualit\u00e9s"},"content":{"rendered":"<p>[et_pb_section fb_built=\u00a0\u00bb1&Prime; _builder_version=\u00a0\u00bb4.27.4&Prime; _module_preset=\u00a0\u00bbdefault\u00a0\u00bb use_background_color_gradient=\u00a0\u00bbon\u00a0\u00bb background_color_gradient_stops=\u00a0\u00bbrgba(0,0,0,0.42) 0%|rgba(0,0,0,0.61) 99%\u00a0\u00bb background_color_gradient_overlays_image=\u00a0\u00bbon\u00a0\u00bb background_image=\u00a0\u00bbhttps:\/\/distracted-northcutt.31-24-154-105.plesk.page\/wp-content\/uploads\/2026\/01\/actualidad-transpirenaica-1.jpg\u00a0\u00bb custom_padding=\u00a0\u00bb149px||149px||true|\u00a0\u00bb hover_enabled=\u00a0\u00bb0&Prime; global_colors_info=\u00a0\u00bb{}\u00a0\u00bb title_text=\u00a0\u00bbactualidad-transpirenaica-1&Prime; sticky_enabled=\u00a0\u00bb0&Prime; background_position=\u00a0\u00bbbottom_center\u00a0\u00bb][et_pb_row _builder_version=\u00a0\u00bb4.27.4&Prime; _module_preset=\u00a0\u00bbdefault\u00a0\u00bb global_colors_info=\u00a0\u00bb{}\u00a0\u00bb][et_pb_column type=\u00a0\u00bb4_4&Prime; _builder_version=\u00a0\u00bb4.27.4&Prime; _module_preset=\u00a0\u00bbdefault\u00a0\u00bb global_colors_info=\u00a0\u00bb{}\u00a0\u00bb][et_pb_text _builder_version=\u00a0\u00bb4.27.4&Prime; _module_preset=\u00a0\u00bbdefault\u00a0\u00bb header_font=\u00a0\u00bb|||on|||||\u00a0\u00bb header_text_align=\u00a0\u00bbcenter\u00a0\u00bb header_text_color=\u00a0\u00bb#FFFFFF\u00a0\u00bb header_font_size=\u00a0\u00bb40px\u00a0\u00bb header_line_height=\u00a0\u00bb1.2em\u00a0\u00bb global_colors_info=\u00a0\u00bb{}\u00a0\u00bb]<\/p>\n<h1>Actualit\u00e9s<\/h1>\n<p>[\/et_pb_text][\/et_pb_column][\/et_pb_row][\/et_pb_section][et_pb_section fb_built=\u00a0\u00bb1&Prime; _builder_version=\u00a0\u00bb4.27.4&Prime; _module_preset=\u00a0\u00bbdefault\u00a0\u00bb global_colors_info=\u00a0\u00bb{}\u00a0\u00bb][et_pb_row use_custom_gutter=\u00a0\u00bbon\u00a0\u00bb gutter_width=\u00a0\u00bb2&Prime; make_equal=\u00a0\u00bbon\u00a0\u00bb _builder_version=\u00a0\u00bb4.27.4&Prime; _module_preset=\u00a0\u00bbdefault\u00a0\u00bb max_width=\u00a0\u00bb1320px\u00a0\u00bb global_colors_info=\u00a0\u00bb{}\u00a0\u00bb][et_pb_column type=\u00a0\u00bb4_4&Prime; _builder_version=\u00a0\u00bb4.27.4&Prime; _module_preset=\u00a0\u00bbdefault\u00a0\u00bb global_colors_info=\u00a0\u00bb{}\u00a0\u00bb][et_pb_code _builder_version=\u00a0\u00bb4.27.4&Prime; _module_preset=\u00a0\u00bbdefault\u00a0\u00bb global_colors_info=\u00a0\u00bb{}\u00a0\u00bb]\r\n        <form method=\"get\" class=\"buscador-actualidad\" action=\"https:\/\/distracted-northcutt.31-24-154-105.plesk.page\/fr\/actualites\/\">\r\n\r\n            <!-- MES -->\r\n            <select name=\"mes\">\r\n                <option value=\"\">Mes<\/option>\r\n                <option value=\"1\">Enero<\/option><option value=\"2\">Febrero<\/option><option value=\"3\">Marzo<\/option><option value=\"4\">Abril<\/option><option value=\"5\">Mayo<\/option><option value=\"6\">Junio<\/option><option value=\"7\">Julio<\/option><option value=\"8\">Agosto<\/option><option value=\"9\">Septiembre<\/option><option value=\"10\">Octubre<\/option><option value=\"11\">Noviembre<\/option><option value=\"12\">Diciembre<\/option>            <\/select>\r\n\r\n            <!-- A\u00d1O -->\r\n            <select name=\"ano\">\r\n                <option value=\"\">A\u00f1o<\/option>\r\n                <option value=\"2026\">2026<\/option><option value=\"2025\">2025<\/option>            <\/select>\r\n\r\n            <!-- TEXTO -->\r\n            <input type=\"text\"\r\n                   name=\"buscar_texto\"\r\n                   placeholder=\"Buscar por t\u00edtulo o contenido\"\r\n                   value=\"\" \/>\r\n\r\n            <!-- BOTONES -->\r\n            <div class=\"campos-botones\">\r\n                <button type=\"submit\" class=\"btn-buscar\">Buscar<\/button>\r\n                <a href=\"https:\/\/distracted-northcutt.31-24-154-105.plesk.page\/fr\/actualites\/\" class=\"btn-reset\">Reiniciar<\/a>\r\n            <\/div>\r\n        <\/form>\r\n\r\n        \r\n            <div class=\"actualidad-grid\">\r\n                                    <article class=\"item-actualidad\">\r\n                        <a href=\"https:\/\/distracted-northcutt.31-24-154-105.plesk.page\/fr\/conference-la-connexion-centrale-des-pyrenees\/\" class=\"item-actualidad__imagen\">\r\n                            <img loading=\"lazy\" decoding=\"async\" width=\"300\" height=\"208\" src=\"https:\/\/distracted-northcutt.31-24-154-105.plesk.page\/wp-content\/uploads\/2026\/02\/conexion-central-pirineos-1-300x208.jpg\" class=\"attachment-medium size-medium wp-post-image\" alt=\"\" \/>                        <\/a>\r\n\r\n                        <div class=\"item-actualidad__contenido\">\r\n                            <h2 class=\"item-actualidad__titulo\">\r\n                                <a href=\"https:\/\/distracted-northcutt.31-24-154-105.plesk.page\/fr\/conference-la-connexion-centrale-des-pyrenees\/\">Conf\u00e9rence \u00ab\u00a0La connexion centrale des Pyr\u00e9n\u00e9es\u00a0\u00bb.<\/a>\r\n                            <\/h2>\r\n\r\n                            <div class=\"item-actualidad__fecha\">\r\n                                11 f\u00e9vrier, 2026                            <\/div>\r\n\r\n                            <div class=\"item-actualidad__excerpt\">\r\n                                <p>Conf\u00e9rence \u00ab\u00a0La connexion centrale des Pyr\u00e9n\u00e9es\u00a0\u00bb, une infrastructure d&rsquo;avenir pour avancer dans le d\u00e9veloppement durable. Le Colegio Mayor Universitario Miraflores et la Fondation Ibercaja ont [&hellip;]<\/p>\n                            <\/div>\r\n\r\n                            <a class=\"item-actualidad__leer-mas\" href=\"https:\/\/distracted-northcutt.31-24-154-105.plesk.page\/fr\/conference-la-connexion-centrale-des-pyrenees\/\">\r\n                                LEER M\u00c1S\r\n                            <\/a>\r\n                        <\/div>\r\n                    <\/article>\r\n                                    <article class=\"item-actualidad\">\r\n                        <a href=\"https:\/\/distracted-northcutt.31-24-154-105.plesk.page\/fr\/tmz-finalise-son-expansion-afin-daugmenter-sa-capacite-de-50-et-daccueillir-jusqua-3-000-trains-par-an\/\" class=\"item-actualidad__imagen\">\r\n                            <img loading=\"lazy\" decoding=\"async\" width=\"300\" height=\"208\" src=\"https:\/\/distracted-northcutt.31-24-154-105.plesk.page\/wp-content\/uploads\/2026\/03\/tmz-ampliacion-1-300x208.jpg\" class=\"attachment-medium size-medium wp-post-image\" alt=\"\" \/>                        <\/a>\r\n\r\n                        <div class=\"item-actualidad__contenido\">\r\n                            <h2 class=\"item-actualidad__titulo\">\r\n                                <a href=\"https:\/\/distracted-northcutt.31-24-154-105.plesk.page\/fr\/tmz-finalise-son-expansion-afin-daugmenter-sa-capacite-de-50-et-daccueillir-jusqua-3-000-trains-par-an\/\">TMZ finalise son expansion afin d\u2019augmenter de 50% sa capacit\u00e9 et d&rsquo;accueillir jusqu&rsquo;\u00e0 3 000 trains par an.<\/a>\r\n                            <\/h2>\r\n\r\n                            <div class=\"item-actualidad__fecha\">\r\n                                02 f\u00e9vrier, 2026                            <\/div>\r\n\r\n                            <div class=\"item-actualidad__excerpt\">\r\n                                <p>Le nouvel acc\u00e8s ferroviaire sera op\u00e9rationnel en juin, avec des voies de 1 000 m\u00e8tres, afin de renforcer son efficacit\u00e9 et son op\u00e9rabilit\u00e9 en tant [&hellip;]<\/p>\n                            <\/div>\r\n\r\n                            <a class=\"item-actualidad__leer-mas\" href=\"https:\/\/distracted-northcutt.31-24-154-105.plesk.page\/fr\/tmz-finalise-son-expansion-afin-daugmenter-sa-capacite-de-50-et-daccueillir-jusqua-3-000-trains-par-an\/\">\r\n                                LEER M\u00c1S\r\n                            <\/a>\r\n                        <\/div>\r\n                    <\/article>\r\n                                    <article class=\"item-actualidad\">\r\n                        <a href=\"https:\/\/distracted-northcutt.31-24-154-105.plesk.page\/fr\/comite-de-programme-n-10-du-projet-europeen\/\" class=\"item-actualidad__imagen\">\r\n                            <img loading=\"lazy\" decoding=\"async\" width=\"300\" height=\"208\" src=\"https:\/\/distracted-northcutt.31-24-154-105.plesk.page\/wp-content\/uploads\/2026\/03\/Comite-Programa-9-1-300x208.jpg\" class=\"attachment-medium size-medium wp-post-image\" alt=\"\" \/>                        <\/a>\r\n\r\n                        <div class=\"item-actualidad__contenido\">\r\n                            <h2 class=\"item-actualidad__titulo\">\r\n                                <a href=\"https:\/\/distracted-northcutt.31-24-154-105.plesk.page\/fr\/comite-de-programme-n-10-du-projet-europeen\/\">Comit\u00e9 de programme n\u00b0 10 du projet europ\u00e9en<\/a>\r\n                            <\/h2>\r\n\r\n                            <div class=\"item-actualidad__fecha\">\r\n                                18 d\u00e9cembre, 2025                            <\/div>\r\n\r\n                            <div class=\"item-actualidad__excerpt\">\r\n                                <p>Comit\u00e9 de programme n\u00ba 10 du projet europ\u00e9en : \u00ab\u00a0Surmonter les cha\u00eenons manquants entre la France et l&rsquo;Espagne : Pau-Canfranc-Zaragoza\u00a0\u00bb. Madrid &amp; Online. La Fondation [&hellip;]<\/p>\n                            <\/div>\r\n\r\n                            <a class=\"item-actualidad__leer-mas\" href=\"https:\/\/distracted-northcutt.31-24-154-105.plesk.page\/fr\/comite-de-programme-n-10-du-projet-europeen\/\">\r\n                                LEER M\u00c1S\r\n                            <\/a>\r\n                        <\/div>\r\n                    <\/article>\r\n                                    <article class=\"item-actualidad\">\r\n                        <a href=\"https:\/\/distracted-northcutt.31-24-154-105.plesk.page\/fr\/reunion-de-suivi-de-letude-sur-les-synergies-regionales-autour-du-projet-de-reouverture-de-la-ligne-ferroviaire-pau-canfranc-zaragoza-en-ligne\/\" class=\"item-actualidad__imagen\">\r\n                            <img loading=\"lazy\" decoding=\"async\" width=\"300\" height=\"208\" src=\"https:\/\/distracted-northcutt.31-24-154-105.plesk.page\/wp-content\/uploads\/2026\/03\/resilencia-climatica-1-300x208.jpg\" class=\"attachment-medium size-medium wp-post-image\" alt=\"\" \/>                        <\/a>\r\n\r\n                        <div class=\"item-actualidad__contenido\">\r\n                            <h2 class=\"item-actualidad__titulo\">\r\n                                <a href=\"https:\/\/distracted-northcutt.31-24-154-105.plesk.page\/fr\/reunion-de-suivi-de-letude-sur-les-synergies-regionales-autour-du-projet-de-reouverture-de-la-ligne-ferroviaire-pau-canfranc-zaragoza-en-ligne\/\">R\u00e9union de suivi de l&rsquo;\u00e9tude sur les synergies r\u00e9gionales autour du projet de r\u00e9ouverture de la ligne ferroviaire Pau-Canfranc-Zaragoza. En ligne.<\/a>\r\n                            <\/h2>\r\n\r\n                            <div class=\"item-actualidad__fecha\">\r\n                                16 d\u00e9cembre, 2025                            <\/div>\r\n\r\n                            <div class=\"item-actualidad__excerpt\">\r\n                                <p>La Fondation Trans-Pyr\u00e9n\u00e9es a particip\u00e9 \u00e0 la r\u00e9union de lancement de l&rsquo;\u00e9tude sur les synergies r\u00e9gionales autour du projet de r\u00e9ouverture de la ligne ferroviaire [&hellip;]<\/p>\n                            <\/div>\r\n\r\n                            <a class=\"item-actualidad__leer-mas\" href=\"https:\/\/distracted-northcutt.31-24-154-105.plesk.page\/fr\/reunion-de-suivi-de-letude-sur-les-synergies-regionales-autour-du-projet-de-reouverture-de-la-ligne-ferroviaire-pau-canfranc-zaragoza-en-ligne\/\">\r\n                                LEER M\u00c1S\r\n                            <\/a>\r\n                        <\/div>\r\n                    <\/article>\r\n                                    <article class=\"item-actualidad\">\r\n                        <a href=\"https:\/\/distracted-northcutt.31-24-154-105.plesk.page\/fr\/groupe-de-travail-conjoint-sur-la-resilience-climatique-des-infrastructures-de-transport-dans-le-corridor-mediterraneen-et-atlantique-toulouse\/\" class=\"item-actualidad__imagen\">\r\n                            <img loading=\"lazy\" decoding=\"async\" width=\"300\" height=\"208\" src=\"https:\/\/distracted-northcutt.31-24-154-105.plesk.page\/wp-content\/uploads\/2026\/03\/trabajo-conjunto-resiliencia-climatica-1-300x208.jpg\" class=\"attachment-medium size-medium wp-post-image\" alt=\"\" \/>                        <\/a>\r\n\r\n                        <div class=\"item-actualidad__contenido\">\r\n                            <h2 class=\"item-actualidad__titulo\">\r\n                                <a href=\"https:\/\/distracted-northcutt.31-24-154-105.plesk.page\/fr\/groupe-de-travail-conjoint-sur-la-resilience-climatique-des-infrastructures-de-transport-dans-le-corridor-mediterraneen-et-atlantique-toulouse\/\">Groupe de travail conjoint sur la r\u00e9silience climatique des infrastructures de transport dans le corridor m\u00e9diterran\u00e9en et atlantique. Toulouse<\/a>\r\n                            <\/h2>\r\n\r\n                            <div class=\"item-actualidad__fecha\">\r\n                                03 d\u00e9cembre, 2025                            <\/div>\r\n\r\n                            <div class=\"item-actualidad__excerpt\">\r\n                                <p>Le directeur g\u00e9n\u00e9ral de la Fondation transpyr\u00e9n\u00e9enne a particip\u00e9 au groupe de travail conjoint sur la r\u00e9silience climatique des infrastructures de transport dans le corridor [&hellip;]<\/p>\n                            <\/div>\r\n\r\n                            <a class=\"item-actualidad__leer-mas\" href=\"https:\/\/distracted-northcutt.31-24-154-105.plesk.page\/fr\/groupe-de-travail-conjoint-sur-la-resilience-climatique-des-infrastructures-de-transport-dans-le-corridor-mediterraneen-et-atlantique-toulouse\/\">\r\n                                LEER M\u00c1S\r\n                            <\/a>\r\n                        <\/div>\r\n                    <\/article>\r\n                                    <article class=\"item-actualidad\">\r\n                        <a href=\"https:\/\/distracted-northcutt.31-24-154-105.plesk.page\/fr\/participation-hub-militaire-daragon-gt8\/\" class=\"item-actualidad__imagen\">\r\n                            <img loading=\"lazy\" decoding=\"async\" width=\"300\" height=\"208\" src=\"https:\/\/distracted-northcutt.31-24-154-105.plesk.page\/wp-content\/uploads\/2026\/03\/hub-militar-aragon-gt8-1-300x208.jpg\" class=\"attachment-medium size-medium wp-post-image\" alt=\"\" \/>                        <\/a>\r\n\r\n                        <div class=\"item-actualidad__contenido\">\r\n                            <h2 class=\"item-actualidad__titulo\">\r\n                                <a href=\"https:\/\/distracted-northcutt.31-24-154-105.plesk.page\/fr\/participation-hub-militaire-daragon-gt8\/\">Participation Hub militaire d&rsquo;Aragon, GT8<\/a>\r\n                            <\/h2>\r\n\r\n                            <div class=\"item-actualidad__fecha\">\r\n                                27 novembre, 2025                            <\/div>\r\n\r\n                            <div class=\"item-actualidad__excerpt\">\r\n                                <p>Participation Aragon Military Hub, GT8 &#8211; Infrastructures duales de transport et de logistique. Saragosse. Le directeur g\u00e9n\u00e9ral de la Fondation Trans-Pyr\u00e9n\u00e9es a particip\u00e9 \u00e0 la [&hellip;]<\/p>\n                            <\/div>\r\n\r\n                            <a class=\"item-actualidad__leer-mas\" href=\"https:\/\/distracted-northcutt.31-24-154-105.plesk.page\/fr\/participation-hub-militaire-daragon-gt8\/\">\r\n                                LEER M\u00c1S\r\n                            <\/a>\r\n                        <\/div>\r\n                    <\/article>\r\n                            <\/div>\r\n\r\n            <div class=\"paginacion-actualidad\">\r\n                <span aria-current=\"page\" class=\"page-numbers current\">1<\/span>\n<a class=\"page-numbers\" href=\"https:\/\/distracted-northcutt.31-24-154-105.plesk.page\/fr\/wp-json\/wp\/v2\/pages\/231012\/page\/2\/\">2<\/a>\n<a class=\"page-numbers\" href=\"https:\/\/distracted-northcutt.31-24-154-105.plesk.page\/fr\/wp-json\/wp\/v2\/pages\/231012\/page\/3\/\">3<\/a>\n<span class=\"page-numbers dots\">\u2026<\/span>\n<a class=\"page-numbers\" href=\"https:\/\/distracted-northcutt.31-24-154-105.plesk.page\/fr\/wp-json\/wp\/v2\/pages\/231012\/page\/7\/\">7<\/a>\n<a class=\"next page-numbers\" href=\"https:\/\/distracted-northcutt.31-24-154-105.plesk.page\/fr\/wp-json\/wp\/v2\/pages\/231012\/page\/2\/\">&raquo;<\/a>            <\/div>\r\n\r\n        [\/et_pb_code][et_pb_blog fullwidth=\u00a0\u00bboff\u00a0\u00bb show_more=\u00a0\u00bbon\u00a0\u00bb show_author=\u00a0\u00bboff\u00a0\u00bb show_date=\u00a0\u00bboff\u00a0\u00bb show_categories=\u00a0\u00bboff\u00a0\u00bb disabled_on=\u00a0\u00bbon|on|on\u00a0\u00bb _builder_version=\u00a0\u00bb4.27.4&Prime; _module_preset=\u00a0\u00bbdefault\u00a0\u00bb header_font_size=\u00a0\u00bb17px\u00a0\u00bb header_line_height=\u00a0\u00bb1.2em\u00a0\u00bb read_more_font=\u00a0\u00bb|700||on|||||\u00a0\u00bb disabled=\u00a0\u00bbon\u00a0\u00bb global_colors_info=\u00a0\u00bb{}\u00a0\u00bb][\/et_pb_blog][\/et_pb_column][\/et_pb_row][\/et_pb_section]<\/p>\n","protected":false},"excerpt":{"rendered":"<p>Participation Aragon Military Hub, GT8 &#8211; Infrastructures duales de transport et de logistique. Saragosse. Le directeur g\u00e9n\u00e9ral de la Fondation Trans-Pyr\u00e9n\u00e9es a particip\u00e9 \u00e0 la [&hellip;]<\/p>\n","protected":false},"author":2,"featured_media":0,"parent":0,"menu_order":0,"comment_status":"closed","ping_status":"closed","template":"","meta":{"_et_pb_use_builder":"on","_et_pb_old_content":"","_et_gb_content_width":"","footnotes":""},"class_list":["post-231012","page","type-page","status-publish","hentry"],"yoast_head":"<!-- This site is optimized with the Yoast SEO plugin v27.4 - https:\/\/yoast.com\/product\/yoast-seo-wordpress\/ -->\n<title>Actualit\u00e9s - Transpirenaica<\/title>\n<meta name=\"robots\" content=\"noindex, follow, max-snippet:-1, max-image-preview:large, max-video-preview:-1\" \/>\n<meta property=\"og:locale\" content=\"fr_FR\" \/>\n<meta property=\"og:type\" content=\"article\" \/>\n<meta property=\"og:title\" content=\"Actualit\u00e9s - Transpirenaica\" \/>\n<meta property=\"og:description\" content=\"Participation Aragon Military Hub, GT8 - Infrastructures duales de transport et de logistique. Saragosse. Le directeur g\u00e9n\u00e9ral de la Fondation Trans-Pyr\u00e9n\u00e9es a particip\u00e9 \u00e0 la [&hellip;]\" \/>\n<meta property=\"og:url\" content=\"https:\/\/distracted-northcutt.31-24-154-105.plesk.page\/fr\/actualites\/\" \/>\n<meta property=\"og:site_name\" content=\"Transpirenaica\" \/>\n<meta property=\"article:modified_time\" content=\"2026-04-15T12:33:03+00:00\" \/>\n<meta name=\"twitter:card\" content=\"summary_large_image\" \/>\n<meta name=\"twitter:label1\" content=\"Dur\u00e9e de lecture estim\u00e9e\" \/>\n\t<meta name=\"twitter:data1\" content=\"1 minute\" \/>\n<script type=\"application\/ld+json\" class=\"yoast-schema-graph\">{\"@context\":\"https:\\\/\\\/schema.org\",\"@graph\":[{\"@type\":\"WebPage\",\"@id\":\"https:\\\/\\\/distracted-northcutt.31-24-154-105.plesk.page\\\/fr\\\/actualites\\\/\",\"url\":\"https:\\\/\\\/distracted-northcutt.31-24-154-105.plesk.page\\\/fr\\\/actualites\\\/\",\"name\":\"Actualit\u00e9s - Transpirenaica\",\"isPartOf\":{\"@id\":\"https:\\\/\\\/distracted-northcutt.31-24-154-105.plesk.page\\\/fr\\\/#website\"},\"datePublished\":\"2025-05-21T10:34:46+00:00\",\"dateModified\":\"2026-04-15T12:33:03+00:00\",\"breadcrumb\":{\"@id\":\"https:\\\/\\\/distracted-northcutt.31-24-154-105.plesk.page\\\/fr\\\/actualites\\\/#breadcrumb\"},\"inLanguage\":\"fr-FR\",\"potentialAction\":[{\"@type\":\"ReadAction\",\"target\":[\"https:\\\/\\\/distracted-northcutt.31-24-154-105.plesk.page\\\/fr\\\/actualites\\\/\"]}]},{\"@type\":\"BreadcrumbList\",\"@id\":\"https:\\\/\\\/distracted-northcutt.31-24-154-105.plesk.page\\\/fr\\\/actualites\\\/#breadcrumb\",\"itemListElement\":[{\"@type\":\"ListItem\",\"position\":1,\"name\":\"Portada\",\"item\":\"https:\\\/\\\/distracted-northcutt.31-24-154-105.plesk.page\\\/fr\\\/\"},{\"@type\":\"ListItem\",\"position\":2,\"name\":\"Actualit\u00e9s\"}]},{\"@type\":\"WebSite\",\"@id\":\"https:\\\/\\\/distracted-northcutt.31-24-154-105.plesk.page\\\/fr\\\/#website\",\"url\":\"https:\\\/\\\/distracted-northcutt.31-24-154-105.plesk.page\\\/fr\\\/\",\"name\":\"Transpirenaica\",\"description\":\"Cooperaci\u00f3n y desarrollo sostenible  en Arag\u00f3n\",\"potentialAction\":[{\"@type\":\"SearchAction\",\"target\":{\"@type\":\"EntryPoint\",\"urlTemplate\":\"https:\\\/\\\/distracted-northcutt.31-24-154-105.plesk.page\\\/fr\\\/?s={search_term_string}\"},\"query-input\":{\"@type\":\"PropertyValueSpecification\",\"valueRequired\":true,\"valueName\":\"search_term_string\"}}],\"inLanguage\":\"fr-FR\"}]}<\/script>\n<!-- \/ Yoast SEO plugin. -->","yoast_head_json":{"title":"Actualit\u00e9s - Transpirenaica","robots":{"index":"noindex","follow":"follow","max-snippet":"max-snippet:-1","max-image-preview":"max-image-preview:large","max-video-preview":"max-video-preview:-1"},"og_locale":"fr_FR","og_type":"article","og_title":"Actualit\u00e9s - Transpirenaica","og_description":"Participation Aragon Military Hub, GT8 - Infrastructures duales de transport et de logistique. Saragosse. Le directeur g\u00e9n\u00e9ral de la Fondation Trans-Pyr\u00e9n\u00e9es a particip\u00e9 \u00e0 la [&hellip;]","og_url":"https:\/\/distracted-northcutt.31-24-154-105.plesk.page\/fr\/actualites\/","og_site_name":"Transpirenaica","article_modified_time":"2026-04-15T12:33:03+00:00","twitter_card":"summary_large_image","twitter_misc":{"Dur\u00e9e de lecture estim\u00e9e":"1 minute"},"schema":{"@context":"https:\/\/schema.org","@graph":[{"@type":"WebPage","@id":"https:\/\/distracted-northcutt.31-24-154-105.plesk.page\/fr\/actualites\/","url":"https:\/\/distracted-northcutt.31-24-154-105.plesk.page\/fr\/actualites\/","name":"Actualit\u00e9s - Transpirenaica","isPartOf":{"@id":"https:\/\/distracted-northcutt.31-24-154-105.plesk.page\/fr\/#website"},"datePublished":"2025-05-21T10:34:46+00:00","dateModified":"2026-04-15T12:33:03+00:00","breadcrumb":{"@id":"https:\/\/distracted-northcutt.31-24-154-105.plesk.page\/fr\/actualites\/#breadcrumb"},"inLanguage":"fr-FR","potentialAction":[{"@type":"ReadAction","target":["https:\/\/distracted-northcutt.31-24-154-105.plesk.page\/fr\/actualites\/"]}]},{"@type":"BreadcrumbList","@id":"https:\/\/distracted-northcutt.31-24-154-105.plesk.page\/fr\/actualites\/#breadcrumb","itemListElement":[{"@type":"ListItem","position":1,"name":"Portada","item":"https:\/\/distracted-northcutt.31-24-154-105.plesk.page\/fr\/"},{"@type":"ListItem","position":2,"name":"Actualit\u00e9s"}]},{"@type":"WebSite","@id":"https:\/\/distracted-northcutt.31-24-154-105.plesk.page\/fr\/#website","url":"https:\/\/distracted-northcutt.31-24-154-105.plesk.page\/fr\/","name":"Transpirenaica","description":"Cooperaci\u00f3n y desarrollo sostenible  en Arag\u00f3n","potentialAction":[{"@type":"SearchAction","target":{"@type":"EntryPoint","urlTemplate":"https:\/\/distracted-northcutt.31-24-154-105.plesk.page\/fr\/?s={search_term_string}"},"query-input":{"@type":"PropertyValueSpecification","valueRequired":true,"valueName":"search_term_string"}}],"inLanguage":"fr-FR"}]}},"_links":{"self":[{"href":"https:\/\/distracted-northcutt.31-24-154-105.plesk.page\/fr\/wp-json\/wp\/v2\/pages\/231012","targetHints":{"allow":["GET"]}}],"collection":[{"href":"https:\/\/distracted-northcutt.31-24-154-105.plesk.page\/fr\/wp-json\/wp\/v2\/pages"}],"about":[{"href":"https:\/\/distracted-northcutt.31-24-154-105.plesk.page\/fr\/wp-json\/wp\/v2\/types\/page"}],"author":[{"embeddable":true,"href":"https:\/\/distracted-northcutt.31-24-154-105.plesk.page\/fr\/wp-json\/wp\/v2\/users\/2"}],"replies":[{"embeddable":true,"href":"https:\/\/distracted-northcutt.31-24-154-105.plesk.page\/fr\/wp-json\/wp\/v2\/comments?post=231012"}],"version-history":[{"count":8,"href":"https:\/\/distracted-northcutt.31-24-154-105.plesk.page\/fr\/wp-json\/wp\/v2\/pages\/231012\/revisions"}],"predecessor-version":[{"id":231050,"href":"https:\/\/distracted-northcutt.31-24-154-105.plesk.page\/fr\/wp-json\/wp\/v2\/pages\/231012\/revisions\/231050"}],"wp:attachment":[{"href":"https:\/\/distracted-northcutt.31-24-154-105.plesk.page\/fr\/wp-json\/wp\/v2\/media?parent=231012"}],"curies":[{"name":"wp","href":"https:\/\/api.w.org\/{rel}","templated":true}]}}