{"id":231222,"date":"2025-12-30T11:38:22","date_gmt":"2025-12-30T11:38:22","guid":{"rendered":"https:\/\/priceless-carson.188-95-114-7.plesk.page\/previous-projects\/"},"modified":"2026-04-22T09:16:08","modified_gmt":"2026-04-22T09:16:08","slug":"previous-projects","status":"publish","type":"page","link":"https:\/\/distracted-northcutt.31-24-154-105.plesk.page\/en\/previous-projects\/","title":{"rendered":"Previous projects"},"content":{"rendered":"<p>[et_pb_section fb_built=&#8221;1&#8243; custom_padding_last_edited=&#8221;on|phone&#8221; _builder_version=&#8221;4.27.4&#8243; background_enable_color=&#8221;off&#8221; use_background_color_gradient=&#8221;on&#8221; background_color_gradient_direction=&#8221;169deg&#8221; background_color_gradient_stops=&#8221;#000000 0%|rgba(0, 0, 0, 0.67) 0%|rgba(0, 0, 0, 0.58) 80%|rgba(0, 0, 0, 0.65) 100%&#8221; background_color_gradient_overlays_image=&#8221;on&#8221; background_image=&#8221;https:\/\/distracted-northcutt.31-24-154-105.plesk.page\/wp-content\/uploads\/2026\/01\/proyectos-europeos-2.jpg&#8221; custom_padding=&#8221;120px||120px||true|false&#8221; custom_padding_tablet=&#8221;&#8221; custom_padding_phone=&#8221;150px||80px||false|false&#8221; locked=&#8221;off&#8221; global_colors_info=&#8221;{}&#8221;][et_pb_row use_custom_gutter=&#8221;on&#8221; gutter_width=&#8221;2&#8243; make_equal=&#8221;on&#8221; _builder_version=&#8221;4.27.4&#8243; width_tablet=&#8221;90%&#8221; width_phone=&#8221;90%&#8221; width_last_edited=&#8221;off|desktop&#8221; max_width_tablet=&#8221;90%&#8221; max_width_phone=&#8221;90%&#8221; max_width_last_edited=&#8221;off|desktop&#8221; module_alignment=&#8221;center&#8221; custom_margin=&#8221;|auto||auto|false|false&#8221; custom_padding=&#8221;||||false|false&#8221; global_colors_info=&#8221;{}&#8221;][et_pb_column type=&#8221;4_4&#8243; _builder_version=&#8221;4.16&#8243; global_colors_info=&#8221;{}&#8221;][et_pb_text _builder_version=&#8221;4.27.4&#8243; _module_preset=&#8221;default&#8221; header_font=&#8221;&#8211;et_global_heading_font|800||on|||||&#8221; header_text_align=&#8221;center&#8221; header_text_color=&#8221;#FFFFFF&#8221; header_font_size=&#8221;44px&#8221; header_line_height=&#8221;1.3em&#8221; global_colors_info=&#8221;{}&#8221;]<\/p>\n<h1>Previous projects<\/h1>\n<p>[\/et_pb_text][\/et_pb_column][\/et_pb_row][\/et_pb_section][et_pb_section fb_built=&#8221;1&#8243; _builder_version=&#8221;4.27.4&#8243; _module_preset=&#8221;default&#8221; custom_padding=&#8221;24px||23px|||&#8221; locked=&#8221;off&#8221; global_colors_info=&#8221;{}&#8221;][et_pb_row _builder_version=&#8221;4.27.4&#8243; _module_preset=&#8221;default&#8221; custom_padding=&#8221;||20px|||&#8221; global_colors_info=&#8221;{}&#8221;][et_pb_column type=&#8221;4_4&#8243; _builder_version=&#8221;4.27.4&#8243; _module_preset=&#8221;default&#8221; global_colors_info=&#8221;{}&#8221;][et_pb_text _builder_version=&#8221;4.27.4&#8243; _module_preset=&#8221;default&#8221; header_2_text_color=&#8221;#000000&#8243; header_2_line_height=&#8221;1.3em&#8221; global_colors_info=&#8221;{}&#8221;]<\/p>\n<h2>European funding under the European Regional Development Fund (ERDF)<\/h2>\n<p>[\/et_pb_text][et_pb_toggle title=&#8221;SUDOE: PYRENE IV&#8221; open_toggle_text_color=&#8221;#000000&#8243; icon_color=&#8221;#01377d&#8221; _builder_version=&#8221;4.27.4&#8243; _module_preset=&#8221;default&#8221; title_text_color=&#8221;#000000&#8243; title_level=&#8221;h2&#8243; title_font_size=&#8221;17px&#8221; title_line_height=&#8221;1.2em&#8221; body_text_align=&#8221;justify&#8221; text_orientation=&#8221;justified&#8221; custom_margin=&#8221;||15px|||&#8221; global_colors_info=&#8221;{}&#8221;]<\/p>\n<p>Operational Program for Territorial Cooperation of the Southwest European Space (SUDOE) INTERREG IV B SUDOE 2007-2013.<\/p>\n<p><strong>PIRENE IV:<\/strong> Interconnection Needs of the Southwest European regions. Optimization of the infrastructure network from a multimodal approach. <\/p>\n<h3>Partners:<\/h3>\n<p>Transpirenaica Foundation (ES), Lead Partner<br \/>2. Gobierno de Arag\u00f3n &#8211; Departamento de Obras P\u00fablicas, Urbanismo y Transportes (ES)<br \/>3. Eurosud transport Atlantique-M\u00e9diterran\u00e9e (FR)<br \/>4. Direction des infrastructures et des transports &#8211; R\u00e9gion Midi-Pyr\u00e9n\u00e9es (FR)<br \/>5. Direction R\u00e9gionale de l&#8217;Environnment, de l&#8217;Am\u00e9nagement et du Logement Aquitaine (FR)<br \/>6. R\u00e9seau ferr\u00e9 de France &#8211; r\u00e9gion Midi-Pyr\u00e9n\u00e9es (FR)<br \/>7. Direction R\u00e9gionale de l&#8217;Environnment, de l&#8217;Am\u00e9nagement et du Logement Midi-Pyr\u00e9n\u00e9es (FR)<br \/>8. Comiss\u00e3o de Coordena\u00e7\u00e3o e Desenvolvimento Regional do Alentejo (PT)<br \/>9. FEPORTS &#8211; Instituto Portuario de Estudios y Cooperaci\u00f3n de la Comunidad Valenciana (ES)<br \/>10. APPA &#8211; Agencia P\u00fablica Puertos de Andaluc\u00eda (ES)<\/p>\n<p><strong>Duration:<\/strong> 61 Months<br \/><strong>Start date:<\/strong> 01\/01\/2008<br \/><strong>End date:<\/strong> 31\/12\/2012<br \/><strong>Total cost (\u20ac):<\/strong> 3.321.184,82 EUR<br \/><strong>ERDF assistance (\u20ac):<\/strong> 2.490.888,61 EUR<\/p>\n<h3>Project summary:<\/h3>\n<p>The PIRENE IV project is a continuation of the PIRENE III project developed within the framework of the INTERREG III B SUDOE program. It is an initiative taken by Spanish, French and Portuguese regions whose main objective is to carry out a series of activities to accelerate the implementation of an efficient rail network throughout Southwest Europe, capable of solving the current traffic saturation problems. <\/p>\n<p>[\/et_pb_toggle][et_pb_toggle title=&#8221;POCTEFA: CANFRANEUS II  &#8221; open_toggle_text_color=&#8221;#000000&#8243; icon_color=&#8221;#01377d&#8221; _builder_version=&#8221;4.27.4&#8243; _module_preset=&#8221;default&#8221; title_text_color=&#8221;#000000&#8243; title_level=&#8221;h2&#8243; title_text_align=&#8221;justify&#8221; title_font_size=&#8221;17px&#8221; title_line_height=&#8221;1.2em&#8221; body_text_align=&#8221;justify&#8221; custom_margin=&#8221;||15px|||&#8221; global_colors_info=&#8221;{}&#8221;]<\/p>\n<p>Operational Program for Territorial Cooperation Spain-France-Andorra, POCTEFA INTERREG IV A 2014-2020.<\/p>\n<p>CANFRANEUS II, For the reopening of the Pau-Canfranc-Zaragoza railway line.<\/p>\n<h3>Partners:<\/h3>\n<p>Regional Council of New Aquitaine (FR), Lead Partner<br \/>2. Government of Aragon (ES)<br \/>3. Trans-Pyrenees Foundation (ES)<\/p>\n<p><strong>Start date:<\/strong> 01\/01\/2016<br \/><strong>End date:<\/strong> 31\/12\/2019<br \/><strong>Total cost (\u20ac):<\/strong> 556,419.97 EUR<br \/><strong>ERDF assistance (\u20ac):<\/strong> 361,672.98 EUR<\/p>\n<h3>Project summary:<\/h3>\n<p>The Canfraneus II project is a continuation of the Canfraneus I project. Its dual purpose has allowed, on the one hand, to deepen the study on the reciprocal safety of international rail and road tunnels, as well as their operating conditions, and on the other hand, to identify the strengths of the line to enhance the use of trains for passengers and freight.<\/p>\n<p>[\/et_pb_toggle][\/et_pb_column][\/et_pb_row][\/et_pb_section][et_pb_section fb_built=&#8221;1&#8243; _builder_version=&#8221;4.27.4&#8243; _module_preset=&#8221;default&#8221; custom_padding=&#8221;13px||28px|||&#8221; locked=&#8221;off&#8221; global_colors_info=&#8221;{}&#8221;][et_pb_row _builder_version=&#8221;4.27.4&#8243; _module_preset=&#8221;default&#8221; global_colors_info=&#8221;{}&#8221;][et_pb_column type=&#8221;4_4&#8243; _builder_version=&#8221;4.27.4&#8243; _module_preset=&#8221;default&#8221; global_colors_info=&#8221;{}&#8221;][et_pb_text _builder_version=&#8221;4.27.4&#8243; _module_preset=&#8221;default&#8221; header_2_text_color=&#8221;#000000&#8243; header_2_line_height=&#8221;1.3em&#8221; global_colors_info=&#8221;{}&#8221;]<\/p>\n<h2>European funding within the framework of the Connecting Europe Facility (CEF)<\/h2>\n<p>[\/et_pb_text][et_pb_toggle title=&#8221;Connecting Europe Facility 2016&#8243; open_toggle_text_color=&#8221;#000000&#8243; icon_color=&#8221;#01377d&#8221; _builder_version=&#8221;4.27.4&#8243; _module_preset=&#8221;default&#8221; title_text_color=&#8221;#000000&#8243; title_level=&#8221;h2&#8243; title_text_align=&#8221;justify&#8221; title_font_size=&#8221;17px&#8221; title_line_height=&#8221;1.2em&#8221; closed_title_text_align=&#8221;justify&#8221; body_text_align=&#8221;justify&#8221; custom_margin=&#8221;||15px|||&#8221; hover_enabled=&#8221;0&#8243; global_colors_info=&#8221;{}&#8221; title_font=&#8221;|||on|||||&#8221; sticky_enabled=&#8221;0&#8243;]In the framework of the 2016 call of the Connecting Europe Facility (CEF), the European Commission Grant Agreement was signed for the project &#8220;bridging missing links between fr &#038; es: studies for rehabilitating the cross-border railway section pau\u2013zaragoza&#8221;.<\/p>\n<h3>Main objective:<\/h3>\n<ul>\n<li>prepare the necessary design and authorization procedures for the execution of the works in both the Spanish and French railway sections;<\/li>\n<li>The implementation of a series of horizontal activities aimed at developing a common organizational structure to improve international cooperation, as well as the development of appropriate financing models and operational structures.<\/li>\n<\/ul>\n<h3>Project Data<\/h3>\n<ul>\n<li>Start\/end date: 01\/03\/2017 &#8211; 12\/31\/2023.<\/li>\n<li>Total cost: \u20ac14,710,000.<\/li>\n<li>Financing agreed within the framework of the MCE (50%): 7,355,000 euros.<\/li>\n<\/ul>\n<h3>Partners:<\/h3>\n<ul>\n<li>Nouvelle-Aquitaine Region, Coordinator.<\/li>\n<li>Minist\u00e8re de la Transition \u00c9cologique et Solidaire (MTES).<\/li>\n<li>Ministry of Public Works, currently MTMS.<\/li>\n<li>Government of Aragon.<\/li>\n<li>Administrador de Infraestructuras Ferroviarias (ADIF).<\/li>\n<\/ul>\n<h3>Affiliated Entities:<\/h3>\n<ul>\n<li>PLHUS, Plataforma Log\u00edstica S.L. affiliated to the Government of Aragon.<\/li>\n<li>Transpirenaica Foundation affiliated to the Government of Aragon.<\/li>\n<\/ul>\n<h3>Executing agency:<\/h3>\n<ul>\n<li>SNCF-R\u00e9seau, designated by MTES.<\/li>\n<\/ul>\n<p><strong>COMPLETED PROJECT<\/strong>[\/et_pb_toggle][et_pb_toggle title=&#8221;Connecting Europe Facility 2019&#8243; open_toggle_text_color=&#8221;#000000&#8243; icon_color=&#8221;#01377d&#8221; _builder_version=&#8221;4.27.4&#8243; _module_preset=&#8221;default&#8221; title_text_color=&#8221;#000000&#8243; title_level=&#8221;h2&#8243; title_font_size=&#8221;17px&#8221; title_line_height=&#8221;1.2em&#8221; body_text_align=&#8221;justify&#8221; custom_margin=&#8221;||15px|||&#8221; hover_enabled=&#8221;0&#8243; global_colors_info=&#8221;{}&#8221; title_font=&#8221;|||on|||||&#8221; sticky_enabled=&#8221;0&#8243;]In the framework of the 2019 call of the Connecting Europe Facility (CEF), the European Commission Grant Agreement was signed for the project &#8220;brinding missing links between fr&#038;sp: cross-border railwaysection pau-zaragoza. somport railway tunnel reopening of the Somport railway tunnel&#8221;.<\/p>\n<h3>Main objective:<\/h3>\n<ul>\n<li>studies and activities necessary for the rehabilitation of the Somport railway tunnel, in order to allow the reopening of international traffic for passengers and goods;<\/li>\n<li>financing of part of the works for the new railway yard on the international esplanade and the construction of the new passenger station in Canfranc.<\/li>\n<\/ul>\n<h3>Project Data<\/h3>\n<ul>\n<li>Start\/end date: 04\/24\/2019 &#8211; 12\/31\/2024.<\/li>\n<li>Total cost: \u20ac8,600,000.<\/li>\n<li>Financing agreed within the framework of the MCE: \u20ac2,746,000.<\/li>\n<\/ul>\n<h3>Partners:<\/h3>\n<ul>\n<li>Ministry of Public Works, currently MTMS, Coordinator.<\/li>\n<li>Government of Aragon.<\/li>\n<li>Minist\u00e8re de la Transition \u00c9cologique et Solidaire (MTES).<\/li>\n<li>Nouvelle-Aquitaine Region.<\/li>\n<\/ul>\n<h3>Affiliated Entities:<\/h3>\n<ul>\n<li>SVA, Suelo y Vivienda de Arag\u00f3n, affiliated to the Government of Arag\u00f3n.<\/li>\n<li>Transpirenaica Foundation affiliated to the Government of Aragon.<\/li>\n<\/ul>\n<h3>Executing agency:<\/h3>\n<ul>\n<li>SNCF-R\u00e9seau, designated by MTES.<\/li>\n<\/ul>\n<p><strong>COMPLETED PROJECT<\/strong><\/p>\n<h3>VIDEOS<\/h3>\n<ul>\n<ul>\n<li><a href=\"https:\/\/www.jfactory.es\/canfranc\/\" target=\"_blank\" rel=\"noopener\">Virtual Tour<\/a><\/li>\n<li><a href=\"https:\/\/www.youtube.com\/watch?v=UjzaG3ZiDDY\" target=\"_blank\" rel=\"noopener\">Canfranc Station 2015<\/a>;<\/li>\n<\/ul>\n<\/ul>\n<p><iframe loading=\"lazy\" width=\"450px\" height=\"315\" src=\"https:\/\/www.youtube.com\/embed\/UjzaG3ZiDDY?si=Ov20FU8_fo8DTs6r\" title=\"YouTube video player\" frameborder=\"0\" allow=\"accelerometer; autoplay; clipboard-write; encrypted-media; gyroscope; picture-in-picture; web-share\" referrerpolicy=\"strict-origin-when-cross-origin\" allowfullscreen=\"\"><\/iframe><\/p>\n<ul>\n<ul>\n<li><a href=\"https:\/\/www.youtube.com\/watch?v=t12hRG_aAU0\" target=\"_blank\" rel=\"noopener\">Canfranc 2020 Station<\/a>;<\/li>\n<\/ul>\n<\/ul>\n<p><iframe loading=\"lazy\" width=\"450px\" height=\"315\" src=\"https:\/\/www.youtube.com\/embed\/t12hRG_aAU0?si=3XF19j_zQGIeMdSS\" title=\"YouTube video player\" frameborder=\"0\" allow=\"accelerometer; autoplay; clipboard-write; encrypted-media; gyroscope; picture-in-picture; web-share\" referrerpolicy=\"strict-origin-when-cross-origin\" allowfullscreen=\"\"><\/iframe><\/p>\n<ul>\n<ul>\n<li><a href=\"https:\/\/www.youtube.com\/watch?v=VA2BPHyjBRo\" target=\"_blank\" rel=\"noopener\">Evolution 2015-2020<\/a>;<\/li>\n<\/ul>\n<\/ul>\n<p><iframe loading=\"lazy\" width=\"450px\" height=\"315\" src=\"https:\/\/www.youtube.com\/embed\/VA2BPHyjBRo?si=fPKQ2vtflrVb73q_\" title=\"YouTube video player\" frameborder=\"0\" allow=\"accelerometer; autoplay; clipboard-write; encrypted-media; gyroscope; picture-in-picture; web-share\" referrerpolicy=\"strict-origin-when-cross-origin\" allowfullscreen=\"\"><\/iframe><\/p>\n<h3>NEWS<\/h3>\n<p><strong>ARAGON TODAY<\/strong><\/p>\n<ul>\n<li><a href=\"https:\/\/www.aragonhoy.es\/vertebracion-del-territorio-movilidad-y-vivienda\/europa-destina-9-1-millones-euros-reapertura-linea-internacional-canfranc-92457\" target=\"_blank\" rel=\"noopener\">Europe earmarks 9.1 million euros for the reopening of the international line of Canfranc<\/a><\/li>\n<li><a href=\"https:\/\/www.aragonhoy.es\/presidencia\/avanzan-conexiones-ferroviarias-pirineo-francia-modernizacion-linea-zaragoza-huesca-canfranc-90979\" target=\"_blank\" rel=\"noopener\">Railway connections with the Pyrenees and France advance with modernization of the Zaragoza-Huesca-Canfranc line<\/a><\/li>\n<li><a href=\"https:\/\/www.aragonhoy.es\/vertebracion-del-territorio-movilidad-y-vivienda\/soro-89841\" target=\"_blank\" rel=\"noopener\">Soro highlights the collective success of the opening of the Ara\u00f1ones esplanade<\/a><\/li>\n<li><a href=\"https:\/\/www.aragonhoy.es\/vertebracion-del-territorio-movilidad-y-vivienda\/canfranc-oportunidad-conectar-europa-89718\" target=\"_blank\" rel=\"noopener\">Canfranc, the opportunity to connect Europe<\/a><\/li>\n<li><a href=\"https:\/\/www.aragonhoy.es\/vertebracion-del-territorio-movilidad-y-vivienda\/soro-traslada-representantes-comision-europea-importancia-reabrir-canfranc-87267\" target=\"_blank\" rel=\"noopener\">Soro explains the importance of reopening Canfranc to European Union representatives<\/a><\/li>\n<li><a href=\"https:\/\/www.aragonhoy.es\/vertebracion-del-territorio-movilidad-y-vivienda\/soro-destaca-canfranc-buen-momento-85682\" target=\"_blank\" rel=\"noopener\">Soro emphasizes in Canfranc the good political and social moment to promote the reopening of the international line<\/a><\/li>\n<li><a href=\"https:\/\/www.aragonhoy.es\/vertebracion-del-territorio-movilidad-y-vivienda\/nuevo-impulso-reapertura-canfranc-eje-85394\" target=\"_blank\" rel=\"noopener\">New impetus to the reopening of Canfranc as a trans-Pyrenean axis for freight transport and logistics<\/a><\/li>\n<li><a href=\"https:\/\/www.aragonhoy.es\/vertebracion-del-territorio-movilidad-y-vivienda\/agrupacion-europea-interes-economico-aeie-79126\" target=\"_blank\" rel=\"noopener\">A European Economic Interest Grouping (EEIG) will coordinate and pilot the project to reopen the Canfranc international line.<\/a><\/li>\n<li><a href=\"https:\/\/www.aragonhoy.es\/vertebracion-del-territorio-movilidad-y-vivienda\/grupo-gobiernos-espana-francia-75059\" target=\"_blank\" rel=\"noopener\">France, Aragon and New Aquitaine note progress towards reopening the Canfranc international line<\/a><\/li>\n<li><a href=\"https:\/\/www.aragonhoy.es\/vertebracion-del-territorio-movilidad-y-vivienda\/soro-presenta-nueva-herramienta-conocer-77113\" target=\"_blank\" rel=\"noopener\">Soro presents the new tool for detailed information on Canfranc works<\/a><\/li>\n<li><a href=\"https:\/\/www.aragonhoy.es\/vertebracion-del-territorio-movilidad-y-vivienda\/soro-compromiso-canfranc-firme-damos-78815\" target=\"_blank\" rel=\"noopener\">Soro: the commitment to Canfranc is firm and we give another argument to Europe for the reopening of international traffic<\/a><\/li>\n<li><a href=\"https:\/\/www.aragonhoy.es\/presidencia\/trenes-circulan-nueva-estacion-canfranc-77254\" target=\"_blank\" rel=\"noopener\">Trains are now running through the new Canfranc station<\/a><\/li>\n<li><a href=\"https:\/\/www.aragonhoy.es\/vertebracion-del-territorio-movilidad-y-vivienda\/visita-virtual-obras-explanada-estacion-73493\" target=\"_blank\" rel=\"noopener\">Virtual visit to the construction site of the Esplanade of the Canfranc international railway station.<\/a><\/li>\n<li><a href=\"https:\/\/www.aragonhoy.es\/vertebracion-del-territorio-movilidad-y-vivienda\/canfranc-titular-71842\" target=\"_blank\" rel=\"noopener\">The President of Arag\u00f3n visits the Canfranc works with the Minister of Transport, Urban Planning and Urban Agenda<\/a><\/li>\n<\/ul>\n<p><strong>MITMA PRESS<\/strong><\/p>\n<ul>\n<li><a href=\"https:\/\/www.transportes.gob.es\/el-ministerio\/sala-de-prensa\/noticias\/vie-27092019-1608\" target=\"_blank\" rel=\"noopener\">European Commission selects 7 investment projects with Spanish participation to receive CEF Funds<\/a><\/li>\n<li><a href=\"https:\/\/www.transportes.gob.es\/el-ministerio\/sala-de-prensa\/noticias\/vie-09102020-1202\" target=\"_blank\" rel=\"noopener\">Mitma and New Aquitaine sign an agreement for the study of the reopening of the Somport Railway Tunnel<\/a><\/li>\n<li><a href=\"https:\/\/www.transportes.gob.es\/el-ministerio\/sala-de-prensa\/noticias\/lun-30112020-0947\" target=\"_blank\" rel=\"noopener\">MITMA tenders the Study for the Reopening of Somport Railway Tunnel<\/a><\/li>\n<li><a href=\"https:\/\/www.transportes.gob.es\/el-ministerio\/sala-de-prensa\/noticias\/jue-15042021-1816\" target=\"_blank\" rel=\"noopener\">\u00c1balos announces a boost for the reopening of the Zaragoza-Canfranc-Pau international railway line<\/a><\/li>\n<li><a href=\"https:\/\/www.transportes.gob.es\/el-ministerio\/sala-de-prensa\/noticias\/mar-20042021-1726\" target=\"_blank\" rel=\"noopener\">MITMA formalizes the contract for the drafting of the &#8220;Study for the Reopening of the Somport Railway Tunnel&#8221;.<\/a><\/li>\n<li><a href=\"https:\/\/www.transportes.gob.es\/el-ministerio\/sala-de-prensa\/noticias\/jue-23092021-1224\" target=\"_blank\" rel=\"noopener\">The working group of the Governments of Spain, France, Aragon and New Aquitaine notes the progress made towards the reopening of the Canfranc international line.<\/a><\/li>\n<li><a href=\"https:\/\/www.transportes.gob.es\/el-ministerio\/sala-de-prensa\/noticias\/jue-24032022-1303\" target=\"_blank\" rel=\"noopener\">New impetus to the reopening of Canfranc as a trans-Pyrenean axis for freight transport and logistics<\/a><\/li>\n<li><a href=\"https:\/\/www.transportes.gob.es\/el-ministerio\/sala-de-prensa\/noticias\/jue-26092024-1237\" target=\"_blank\" rel=\"noopener\">Transport submits to public information the Informative Study for the reopening of the Somport railway tunnel, in Huesca.<\/a><\/li>\n<li><a href=\"https:\/\/www.transportes.gob.es\/el-ministerio\/sala-de-prensa\/noticias\/vie-25102024-1354\" target=\"_blank\" rel=\"noopener\">\u00d3scar Puente ratifies the Spanish Government&#8217;s support for the reopening of rail and road connections between Huesca and France<\/a><\/li>\n<li><a href=\"https:\/\/www.transportes.gob.es\/el-ministerio\/sala-de-prensa\/noticias\/lun-27012025-1144\" target=\"_blank\" rel=\"noopener\">Transport approves the informative study for the reopening of the Somport railway tunnel, in Huesca<\/a><\/li>\n<\/ul>\n<p>[\/et_pb_toggle][\/et_pb_column][\/et_pb_row][\/et_pb_section]<\/p>\n","protected":false},"excerpt":{"rendered":"<p>Previous projectsEuropean funding under the European Regional Development Fund (ERDF)Operational Program for Territorial Cooperation of the Southwest European Space (SUDOE) INTERREG IV B SUDOE 2007-2013. [&hellip;]<\/p>\n","protected":false},"author":2,"featured_media":0,"parent":0,"menu_order":0,"comment_status":"closed","ping_status":"closed","template":"","meta":{"_et_pb_use_builder":"on","_et_pb_old_content":"","_et_gb_content_width":"","footnotes":""},"class_list":["post-231222","page","type-page","status-publish","hentry"],"yoast_head":"<!-- This site is optimized with the Yoast SEO plugin v27.4 - https:\/\/yoast.com\/product\/yoast-seo-wordpress\/ -->\n<title>Previous projects - Transpirenaica<\/title>\n<meta name=\"robots\" content=\"noindex, follow, max-snippet:-1, max-image-preview:large, max-video-preview:-1\" \/>\n<meta property=\"og:locale\" content=\"en_US\" \/>\n<meta property=\"og:type\" content=\"article\" \/>\n<meta property=\"og:title\" content=\"Previous projects - Transpirenaica\" \/>\n<meta property=\"og:description\" content=\"Previous projectsEuropean funding under the European Regional Development Fund (ERDF)Operational Program for Territorial Cooperation of the Southwest European Space (SUDOE) INTERREG IV B SUDOE 2007-2013. [&hellip;]\" \/>\n<meta property=\"og:url\" content=\"https:\/\/distracted-northcutt.31-24-154-105.plesk.page\/en\/previous-projects\/\" \/>\n<meta property=\"og:site_name\" content=\"Transpirenaica\" \/>\n<meta property=\"article:modified_time\" content=\"2026-04-22T09:16:08+00:00\" \/>\n<meta name=\"twitter:card\" content=\"summary_large_image\" \/>\n<meta name=\"twitter:label1\" content=\"Est. reading time\" \/>\n\t<meta name=\"twitter:data1\" content=\"8 minutes\" \/>\n<script type=\"application\/ld+json\" class=\"yoast-schema-graph\">{\"@context\":\"https:\\\/\\\/schema.org\",\"@graph\":[{\"@type\":\"WebPage\",\"@id\":\"https:\\\/\\\/distracted-northcutt.31-24-154-105.plesk.page\\\/en\\\/previous-projects\\\/\",\"url\":\"https:\\\/\\\/distracted-northcutt.31-24-154-105.plesk.page\\\/en\\\/previous-projects\\\/\",\"name\":\"Previous projects - Transpirenaica\",\"isPartOf\":{\"@id\":\"https:\\\/\\\/distracted-northcutt.31-24-154-105.plesk.page\\\/en\\\/#website\"},\"datePublished\":\"2025-12-30T11:38:22+00:00\",\"dateModified\":\"2026-04-22T09:16:08+00:00\",\"breadcrumb\":{\"@id\":\"https:\\\/\\\/distracted-northcutt.31-24-154-105.plesk.page\\\/en\\\/previous-projects\\\/#breadcrumb\"},\"inLanguage\":\"en-US\",\"potentialAction\":[{\"@type\":\"ReadAction\",\"target\":[\"https:\\\/\\\/distracted-northcutt.31-24-154-105.plesk.page\\\/en\\\/previous-projects\\\/\"]}]},{\"@type\":\"BreadcrumbList\",\"@id\":\"https:\\\/\\\/distracted-northcutt.31-24-154-105.plesk.page\\\/en\\\/previous-projects\\\/#breadcrumb\",\"itemListElement\":[{\"@type\":\"ListItem\",\"position\":1,\"name\":\"Portada\",\"item\":\"https:\\\/\\\/distracted-northcutt.31-24-154-105.plesk.page\\\/en\\\/\"},{\"@type\":\"ListItem\",\"position\":2,\"name\":\"Previous projects\"}]},{\"@type\":\"WebSite\",\"@id\":\"https:\\\/\\\/distracted-northcutt.31-24-154-105.plesk.page\\\/en\\\/#website\",\"url\":\"https:\\\/\\\/distracted-northcutt.31-24-154-105.plesk.page\\\/en\\\/\",\"name\":\"Transpirenaica\",\"description\":\"Cooperaci\u00f3n y desarrollo sostenible  en Arag\u00f3n\",\"potentialAction\":[{\"@type\":\"SearchAction\",\"target\":{\"@type\":\"EntryPoint\",\"urlTemplate\":\"https:\\\/\\\/distracted-northcutt.31-24-154-105.plesk.page\\\/en\\\/?s={search_term_string}\"},\"query-input\":{\"@type\":\"PropertyValueSpecification\",\"valueRequired\":true,\"valueName\":\"search_term_string\"}}],\"inLanguage\":\"en-US\"}]}<\/script>\n<!-- \/ Yoast SEO plugin. -->","yoast_head_json":{"title":"Previous projects - Transpirenaica","robots":{"index":"noindex","follow":"follow","max-snippet":"max-snippet:-1","max-image-preview":"max-image-preview:large","max-video-preview":"max-video-preview:-1"},"og_locale":"en_US","og_type":"article","og_title":"Previous projects - Transpirenaica","og_description":"Previous projectsEuropean funding under the European Regional Development Fund (ERDF)Operational Program for Territorial Cooperation of the Southwest European Space (SUDOE) INTERREG IV B SUDOE 2007-2013. [&hellip;]","og_url":"https:\/\/distracted-northcutt.31-24-154-105.plesk.page\/en\/previous-projects\/","og_site_name":"Transpirenaica","article_modified_time":"2026-04-22T09:16:08+00:00","twitter_card":"summary_large_image","twitter_misc":{"Est. reading time":"8 minutes"},"schema":{"@context":"https:\/\/schema.org","@graph":[{"@type":"WebPage","@id":"https:\/\/distracted-northcutt.31-24-154-105.plesk.page\/en\/previous-projects\/","url":"https:\/\/distracted-northcutt.31-24-154-105.plesk.page\/en\/previous-projects\/","name":"Previous projects - Transpirenaica","isPartOf":{"@id":"https:\/\/distracted-northcutt.31-24-154-105.plesk.page\/en\/#website"},"datePublished":"2025-12-30T11:38:22+00:00","dateModified":"2026-04-22T09:16:08+00:00","breadcrumb":{"@id":"https:\/\/distracted-northcutt.31-24-154-105.plesk.page\/en\/previous-projects\/#breadcrumb"},"inLanguage":"en-US","potentialAction":[{"@type":"ReadAction","target":["https:\/\/distracted-northcutt.31-24-154-105.plesk.page\/en\/previous-projects\/"]}]},{"@type":"BreadcrumbList","@id":"https:\/\/distracted-northcutt.31-24-154-105.plesk.page\/en\/previous-projects\/#breadcrumb","itemListElement":[{"@type":"ListItem","position":1,"name":"Portada","item":"https:\/\/distracted-northcutt.31-24-154-105.plesk.page\/en\/"},{"@type":"ListItem","position":2,"name":"Previous projects"}]},{"@type":"WebSite","@id":"https:\/\/distracted-northcutt.31-24-154-105.plesk.page\/en\/#website","url":"https:\/\/distracted-northcutt.31-24-154-105.plesk.page\/en\/","name":"Transpirenaica","description":"Cooperaci\u00f3n y desarrollo sostenible  en Arag\u00f3n","potentialAction":[{"@type":"SearchAction","target":{"@type":"EntryPoint","urlTemplate":"https:\/\/distracted-northcutt.31-24-154-105.plesk.page\/en\/?s={search_term_string}"},"query-input":{"@type":"PropertyValueSpecification","valueRequired":true,"valueName":"search_term_string"}}],"inLanguage":"en-US"}]}},"_links":{"self":[{"href":"https:\/\/distracted-northcutt.31-24-154-105.plesk.page\/en\/wp-json\/wp\/v2\/pages\/231222","targetHints":{"allow":["GET"]}}],"collection":[{"href":"https:\/\/distracted-northcutt.31-24-154-105.plesk.page\/en\/wp-json\/wp\/v2\/pages"}],"about":[{"href":"https:\/\/distracted-northcutt.31-24-154-105.plesk.page\/en\/wp-json\/wp\/v2\/types\/page"}],"author":[{"embeddable":true,"href":"https:\/\/distracted-northcutt.31-24-154-105.plesk.page\/en\/wp-json\/wp\/v2\/users\/2"}],"replies":[{"embeddable":true,"href":"https:\/\/distracted-northcutt.31-24-154-105.plesk.page\/en\/wp-json\/wp\/v2\/comments?post=231222"}],"version-history":[{"count":3,"href":"https:\/\/distracted-northcutt.31-24-154-105.plesk.page\/en\/wp-json\/wp\/v2\/pages\/231222\/revisions"}],"predecessor-version":[{"id":231644,"href":"https:\/\/distracted-northcutt.31-24-154-105.plesk.page\/en\/wp-json\/wp\/v2\/pages\/231222\/revisions\/231644"}],"wp:attachment":[{"href":"https:\/\/distracted-northcutt.31-24-154-105.plesk.page\/en\/wp-json\/wp\/v2\/media?parent=231222"}],"curies":[{"name":"wp","href":"https:\/\/api.w.org\/{rel}","templated":true}]}}